{"id":316,"date":"2017-11-28T10:56:20","date_gmt":"2017-11-28T10:56:20","guid":{"rendered":"http:\/\/bridge118.qodeinteractive.com\/?page_id=5"},"modified":"2024-05-06T11:36:34","modified_gmt":"2024-05-06T09:36:34","slug":"home","status":"publish","type":"page","link":"https:\/\/janaleidenfrost.net\/","title":{"rendered":"Konferenz"},"content":{"rendered":"<div class=\"wpb-content-wrapper\"><p>[vc_row css_animation=&#8220;element_from_top&#8220; row_type=&#8220;row&#8220; use_row_as_full_screen_section=&#8220;no&#8220; type=&#8220;grid&#8220; angled_section=&#8220;no&#8220; text_align=&#8220;center&#8220; background_image_as_pattern=&#8220;without_pattern&#8220; padding_top=&#8220;232&#8243; z_index=&#8220;&#8220;][vc_column width=&#8220;1\/2&#8243;][vc_single_image image=&#8220;436&#8243; img_size=&#8220;full&#8220; qode_css_animation=&#8220;&#8220;][\/vc_column][vc_column width=&#8220;1\/2&#8243;][vc_column_text]<\/p>\n<h1 style=\"text-align: right;\"><span style=\"color: #c5bde4;\">Res\u00fcmee<\/span><\/h1>\n<p>&nbsp;<\/p>\n<p>[\/vc_column_text][vc_column_text]<\/p>\n<h1 style=\"text-align: right;\">Konferenz 04\/24<\/h1>\n<p>[\/vc_column_text][vc_column_text]<\/p>\n<h1 style=\"text-align: right;\"><span style=\"color: #a4c4ce;\">Weimar<\/span><\/h1>\n<p>[\/vc_column_text][\/vc_column][\/vc_row][vc_row css_animation=&#8220;element_from_top&#8220; row_type=&#8220;row&#8220; use_row_as_full_screen_section=&#8220;no&#8220; type=&#8220;grid&#8220; angled_section=&#8220;no&#8220; text_align=&#8220;center&#8220; background_image_as_pattern=&#8220;without_pattern&#8220; z_index=&#8220;&#8220; padding_bottom=&#8220;160&#8243; padding_top=&#8220;50&#8243;][vc_column][vc_column_text]<\/p>\n<h1 style=\"text-align: left;\"><span class=\"\">Spitzen-Sport-Musik.<\/span><\/h1>\n<h2 style=\"text-align: left;\"><span class=\"\">Karrierewege und -\u00fcberg\u00e4nge<\/span><\/h2>\n<p>[\/vc_column_text][\/vc_column][\/vc_row][vc_row css_animation=&#8220;&#8220; row_type=&#8220;row&#8220; use_row_as_full_screen_section=&#8220;no&#8220; type=&#8220;grid&#8220; angled_section=&#8220;no&#8220; text_align=&#8220;left&#8220; background_image_as_pattern=&#8220;without_pattern&#8220; z_index=&#8220;2&#8243;][vc_column][qode_elements_holder number_of_columns=&#8220;one_column&#8220;][qode_elements_holder_item advanced_animations=&#8220;no&#8220; item_padding=&#8220;0px 64% 0 82px&#8220; item_padding_1024_1280=&#8220;0px 57% 0 82px&#8220; item_padding_768_1024=&#8220;0px 51% 0 82px&#8220; item_padding_600_768=&#8220;0px 22% 0 82px&#8220; item_padding_480_600=&#8220;0px 15% 0 20px&#8220; item_padding_480=&#8220;0px 15% 0 20px&#8220;][vc_row_inner row_type=&#8220;row&#8220; type=&#8220;full_width&#8220; text_align=&#8220;left&#8220; css_animation=&#8220;&#8220;][vc_column_inner css=&#8220;.vc_custom_1511875133439{border-top-width: 10px !important;border-top-color: #000000 !important;border-top-style: solid !important;}&#8220;][vc_separator type=&#8220;transparent&#8220; up=&#8220;-24&#8243;][vc_column_text]<\/p>\n<h1><span class=\"\">MDR<br \/>\nJournal<br \/>\n<\/span><\/h1>\n<p>[\/vc_column_text][\/vc_column_inner][\/vc_row_inner][\/qode_elements_holder_item][\/qode_elements_holder][\/vc_column][\/vc_row][vc_row css_animation=&#8220;&#8220; row_type=&#8220;row&#8220; use_row_as_full_screen_section=&#8220;no&#8220; type=&#8220;grid&#8220; angled_section=&#8220;no&#8220; text_align=&#8220;left&#8220; background_image_as_pattern=&#8220;without_pattern&#8220; z_index=&#8220;1&#8243;][vc_column][vc_separator type=&#8220;transparent&#8220; up=&#8220;-49&#8243;][vc_single_image image=&#8220;903&#8243; img_size=&#8220;full&#8220; onclick=&#8220;custom_link&#8220; img_link_target=&#8220;_blank&#8220; qode_css_animation=&#8220;&#8220; link=&#8220;https:\/\/www.ardmediathek.de\/video\/mdr-thueringen-journal\/neues-projekt-der-thueringer-sporthilfe\/mdr-thueringen\/Y3JpZDovL21kci5kZS9iZWl0cmFnL2Ntcy81OTM1NTc3YS1jMjM0LTQ1OGEtYTAxNy04OTU0MjM4M2I0OGQ&#8220;][vc_empty_space height=&#8220;27px&#8220;][vc_column_text]<\/p>\n<h6 style=\"text-align: right;\">Mit einem Klick auf das Bild werden Sie zum MDR Beitrag weiter geleitet.<\/h6>\n<p>[\/vc_column_text][vc_separator type=&#8220;transparent&#8220; up=&#8220;80&#8243;][\/vc_column][\/vc_row][vc_row css_animation=&#8220;&#8220; row_type=&#8220;row&#8220; use_row_as_full_screen_section=&#8220;no&#8220; type=&#8220;grid&#8220; angled_section=&#8220;no&#8220; text_align=&#8220;left&#8220; background_image_as_pattern=&#8220;without_pattern&#8220; padding_top=&#8220;171&#8243; z_index=&#8220;4&#8243;][vc_column][qode_elements_holder number_of_columns=&#8220;one_column&#8220;][qode_elements_holder_item advanced_animations=&#8220;no&#8220; item_padding=&#8220;0px 66% 0 82px&#8220; item_padding_1024_1280=&#8220;0px 59% 0 82px&#8220; item_padding_768_1024=&#8220;0px 53% 0 82px&#8220; item_padding_600_768=&#8220;0px 25% 0 82px&#8220; item_padding_480_600=&#8220;0px 19% 0 20px&#8220; item_padding_480=&#8220;0px 19% 0 20px&#8220;][vc_row_inner row_type=&#8220;row&#8220; type=&#8220;full_width&#8220; text_align=&#8220;left&#8220; css_animation=&#8220;&#8220;][vc_column_inner css=&#8220;.vc_custom_1511942708344{border-top-width: 10px !important;border-top-color: #000000 !important;border-top-style: solid !important;}&#8220;][vc_separator type=&#8220;transparent&#8220; up=&#8220;-24&#8243;][vc_column_text]<\/p>\n<h1>zum<br \/>\nAbschluss<\/h1>\n<p>[\/vc_column_text][\/vc_column_inner][\/vc_row_inner][\/qode_elements_holder_item][\/qode_elements_holder][\/vc_column][\/vc_row][vc_row css_animation=&#8220;&#8220; row_type=&#8220;row&#8220; use_row_as_full_screen_section=&#8220;no&#8220; type=&#8220;grid&#8220; angled_section=&#8220;no&#8220; text_align=&#8220;left&#8220; background_image_as_pattern=&#8220;without_pattern&#8220; z_index=&#8220;3&#8243; css=&#8220;.vc_custom_1704588281304{background-position: 0 0 !important;background-repeat: no-repeat !important;}&#8220;][vc_column][vc_separator type=&#8220;transparent&#8220; up=&#8220;-49&#8243;][qode_elements_holder background_color=&#8220;#ffffff&#8220; number_of_columns=&#8220;one_column&#8220;][qode_elements_holder_item vertical_alignment=&#8220;top&#8220; horizontal_alignment=&#8220;right&#8220; advanced_animations=&#8220;yes&#8220; start_position=&#8220;bottom&#8220; end_position=&#8220;top-bottom&#8220; item_padding=&#8220;161px 0px 104px 85px&#8220; item_padding_480_600=&#8220;161px 40px 104px 40px&#8220; item_padding_480=&#8220;161px 40px 104px 40px&#8220;][vc_row_inner row_type=&#8220;row&#8220; type=&#8220;full_width&#8220; text_align=&#8220;left&#8220; css_animation=&#8220;&#8220;][vc_column_inner width=&#8220;1\/2&#8243; offset=&#8220;vc_col-md-4&#8243;][vc_column_text]<\/p>\n<h2><span class=\"\" style=\"color: #c5bde4;\">&#8230;<\/span><\/h2>\n<p>[\/vc_column_text][vc_column_text]<\/p>\n<h6 style=\"text-align: left;\">Wir sind am Start, die konkreten Ansatzpunkte aufzugreifen und mit Ihnen weiter auszuformen!<\/h6>\n<h6 style=\"text-align: left;\">[vc_separator type=&#8217;transparent&#8216; position=&#8217;center&#8216; color=&#8220; thickness=&#8217;15&#8216; up=&#8220; down=&#8220;]<\/h6>\n<h6 style=\"text-align: left;\">Nutzen Sie dazu gerne den Kontakt \u00fcber mich: <a href=\"mailto:jl@janaleidenfrost.com\">jl@janaleidenfrost.com<\/a><\/h6>\n<h6>[vc_separator type=&#8217;transparent&#8216; position=&#8217;center&#8216; color=&#8220; thickness=&#8217;15&#8216; up=&#8220; down=&#8220;]<\/h6>\n<h6 style=\"text-align: left;\">ich koordiniere, vernetze und f\u00fchre Regie nach Abstimmung.<\/h6>\n<p>[\/vc_column_text][vc_empty_space height=&#8220;47px&#8220;][vc_column_text]<\/p>\n<h3>Infos am<br \/>\nRande<\/h3>\n<p>[\/vc_column_text][vc_empty_space height=&#8220;47px&#8220;]<a  itemprop=\"url\" href=\"https:\/\/janaleidenfrost.net\/wp-content\/uploads\/2024\/05\/2024-04-20_Thueringische_Landeszeitung_Weimar_-_20-04-2024_print.pdf\" target=\"_self\"  class=\"qbutton  default\" style=\"\">PDF<\/a>[vc_empty_space height=&#8220;10px&#8220;][vc_column_text]<\/p>\n<h6><span style=\"color: #a4c4ce;\">Die Karriere nach der Karriere<\/span><br \/>\n<span style=\"color: #c5bde4;\">Th\u00fcringische<br \/>\nLandeszeitung<\/span><\/h6>\n<p>[\/vc_column_text][vc_empty_space height=&#8220;47px&#8220;]<a  itemprop=\"url\" href=\"https:\/\/janaleidenfrost.net\/wp-content\/uploads\/2024\/05\/489.pdf\" target=\"_self\"  class=\"qbutton  default\" style=\"\">PDF<\/a>[vc_empty_space height=&#8220;10px&#8220;][vc_column_text]<\/p>\n<h6><span style=\"color: #a4c4ce;\">\u00bbZWISCHEN SPORTLERN<\/span><br \/>\n<span style=\"color: #c5bde4;\">PROF. DR. EGBERT SEIDEL<br \/>\nIM GESPR\u00c4CH<\/span><\/h6>\n<p>[\/vc_column_text][vc_empty_space height=&#8220;47px&#8220;]<a  itemprop=\"url\" href=\"https:\/\/janaleidenfrost.net\/wp-content\/uploads\/2024\/05\/Spitzenkarrieren-mit-Liebe-gemacht.pdf\" target=\"_self\"  class=\"qbutton  default\" style=\"\">PDF<\/a>[vc_empty_space height=&#8220;10px&#8220;][vc_column_text]<\/p>\n<h6 style=\"text-align: left;\"><span style=\"color: #a4c4ce;\">Spitzenkarrieren \u2013<\/span><br \/>\n<span style=\"color: #a4c4ce;\">mit \u201eLiebe\u201c gemacht?<\/span><br \/>\n<span style=\"color: #c5bde4;\">EVA SCHMITT-RODERMUND<\/span><\/h6>\n<p>[\/vc_column_text][vc_empty_space height=&#8220;47px&#8220;][\/vc_column_inner][vc_column_inner width=&#8220;1\/2&#8243;][vc_column_text]<\/p>\n<h2><span class=\"\" style=\"color: #c5bde4;\">Danke!<\/span><\/h2>\n<p>[\/vc_column_text][vc_column_text]<\/p>\n<h3>An alle G\u00e4ste mit Ihren wertvollen Beitr\u00e4gen sowie alle Mitwirkenden.<\/h3>\n<div>[vc_separator type=&#8217;transparent&#8216; position=&#8217;center&#8216; color=&#8220; thickness=&#8217;30&#8216; up=&#8220; down=&#8220;]<\/div>\n<div>Mit Pionier- und Forschergeist sind wir gestartet und die Premiere hat sich gelohnt! Gemeinsam mit der Hochschule f\u00fcr Musik Franz Liszt Weimar, der Stiftung Th\u00fcringer Sporthilfe und zahlreichen Experten und Expertinnen aus Wissenschaft, Musik, Sport und Wirtschaft ist es m\u00f6glich geworden: ein starker Tag mit viel Tiefe und neuen Horizonten f\u00fcr erfolgreiche Karrierewege und -\u00fcberg\u00e4nge.\u00a0Zahlreiche Grundsteine f\u00fcr weitere Kooperationen wurden gelegt.\u00a0Die Resonanz war hervorragend.<\/div>\n<div>[vc_separator type=&#8217;transparent&#8216; position=&#8217;center&#8216; color=&#8220; thickness=&#8217;30&#8216; up=&#8220; down=&#8220;]<\/div>\n<div><\/div>\n<div>Wieder einmal wurde klar: Keine und keiner geht alleine durch\u2019s Ziel. Spitzenkarrieren sind immer Gesamtkunstwerke! Mit Energie, guten Kooperationen, Menschlichkeit &amp; Ma\u00df lassen sich starke Umfelder schaffen, in denen junge Talente eine Laufbahn f\u00fcr\u2019s Leben anlegen k\u00f6nnen. Ebenso wird es einer best\u00e4ndigen Inspiration, Konzentration und Organisation bed\u00fcrfen, den Erfolg in Sport, Musik und Wirtschaft weiter zu befeuern. Zu den Zutaten gelungener Karrieren geh\u00f6ren unter anderem:<\/div>\n<div>[vc_separator type=&#8217;transparent&#8216; position=&#8217;center&#8216; color=&#8220; thickness=&#8217;30&#8216; up=&#8220; down=&#8220;]<\/div>\n<div class='q_list circle circle_number'><\/p>\n<ul>\n<li>spezifisches Talent, Ambition und Passion<\/li>\n<li>Pers\u00f6nlichkeit: Offenheit, Flei\u00df, Risikofreude, Lust am Wettbewerb und auf Neues, Kreativit\u00e4t, Anpassungsf\u00e4higkeit und Belastbarkeit<\/li>\n<li>eine Umgebung, die Gelegenheiten bietet, das Talent zu entdecken &#8211; ein autoritatives, erm\u00f6glichendes Klima in der Familie &#8211; musische, sportliche, unternehmerische Rollenmodelle<\/li>\n<li>und eine Bildung, die Unternehmergeist, F\u00fchrungsqualit\u00e4ten sowie Life-Skills f\u00f6rdert<\/li>\n<\/ul>\n<p><\/div>\n<div>[vc_separator type=&#8217;transparent&#8216; position=&#8217;center&#8216; color=&#8220; thickness=&#8217;30&#8216; up=&#8220; down=&#8220;]<\/div>\n<h3>Die Workshops zeigten unter anderem klar die W\u00fcnsche und Handlungsfelder auf:<\/h3>\n<div>[vc_separator type=&#8217;transparent&#8216; position=&#8217;center&#8216; color=&#8220; thickness=&#8217;15&#8216; up=&#8220; down=&#8220;]<\/div>\n<div>\n<div class='q_list circle circle_number normal'><\/p>\n<ul>\n<li>Mindset st\u00e4rken und fortgesetzter, gegenseitiger Austausch zwischen Sport, Musik, Wirtschaft und Wissenschaft<\/li>\n<li>mit bester Kommunikation weiterhin Erfahrungen und Karriere- Highlights von ehemaligen und aktuellen Spitzenkr\u00e4ften vernetzen<\/li>\n<li>M\u00f6glichkeiten f\u00fcr Mentoring &amp; Coaching im mentalen, emotionalen Bereich gerade im Umgang mit Wettbewerbsdruck verf\u00fcgbar haben<\/li>\n<li>Laufbahnberatung und -begleitung sowohl im spezifischen Bereich als auch f\u00fcr den sogenannten Plan B<\/li>\n<li>positive Lernkulturen schaffen und interdisziplin\u00e4re Life-\/Soft-Skill-Module anbieten<\/li>\n<li>Professoren, Trainer, F\u00fchrungskr\u00e4fte profitieren von den Exzellence-Schmiden ebenso wie von einer \u00fcberdisziplin\u00e4ren Zusammenarbeit; verschiedene thematische Foki sind denkbar \u00a0&#8211; mehr gesellschaftliche Wertsch\u00e4tzung f\u00fcr alle diejenigen, die im fr\u00fchen Jugendbereich den Grundstein f\u00fcr sp\u00e4tere Karrieren legen (Vereine, Musikschulen, Talenteschmieden sind sehr essentiell)<\/li>\n<li>Forschungsvorhaben aufgreifen im Bereich der Laufbahn- und Karriereentwicklung<\/li>\n<li>digitale Plattform f\u00fcr Austausch, Bildung, Mentoring und Kooperationsvernetzung schaffen<\/li>\n<li>Geht ready\u201c: Allianzen\/Marktplatz\/Hub f\u00fcr berufspraktische Chancen und f\u00fcr Nachwuchsf\u00f6rderung in allen drei Bereichen: Sport, Musik, Wirtschaft<\/li>\n<\/ul>\n<p><\/div>\n<\/div>\n<div>[vc_separator type=&#8217;transparent&#8216; position=&#8217;center&#8216; color=&#8220; thickness=&#8217;15&#8216; up=&#8220; down=&#8220;]<\/div>\n<div><\/div>\n<p>[\/vc_column_text][vc_empty_space height=&#8220;28px&#8220;][vc_column_text]<\/p>\n<h3><span style=\"color: #ff463e;\">FORTSETZUNG FOLGT!\u00a0<\/span><\/h3>\n<p>[\/vc_column_text][vc_single_image image=&#8220;436&#8243; img_size=&#8220;medium&#8220; alignment=&#8220;center&#8220; onclick=&#8220;zoom&#8220; qode_css_animation=&#8220;&#8220; qode_hover_animation=&#8220;bottom_title&#8220;][\/vc_column_inner][\/vc_row_inner][\/qode_elements_holder_item][\/qode_elements_holder][\/vc_column][\/vc_row][vc_row css_animation=&#8220;&#8220; row_type=&#8220;row&#8220; use_row_as_full_screen_section=&#8220;no&#8220; type=&#8220;grid&#8220; angled_section=&#8220;no&#8220; text_align=&#8220;left&#8220; background_image_as_pattern=&#8220;without_pattern&#8220; padding_top=&#8220;171&#8243; z_index=&#8220;4&#8243;][vc_column][qode_elements_holder number_of_columns=&#8220;one_column&#8220;][qode_elements_holder_item advanced_animations=&#8220;no&#8220; item_padding=&#8220;0px 66% 0 82px&#8220; item_padding_1024_1280=&#8220;0px 59% 0 82px&#8220; item_padding_768_1024=&#8220;0px 53% 0 82px&#8220; item_padding_600_768=&#8220;0px 25% 0 82px&#8220; item_padding_480_600=&#8220;0px 19% 0 20px&#8220; item_padding_480=&#8220;0px 19% 0 20px&#8220;][vc_row_inner row_type=&#8220;row&#8220; type=&#8220;full_width&#8220; text_align=&#8220;left&#8220; css_animation=&#8220;&#8220;][vc_column_inner css=&#8220;.vc_custom_1511942708344{border-top-width: 10px !important;border-top-color: #000000 !important;border-top-style: solid !important;}&#8220;][vc_separator type=&#8220;transparent&#8220; up=&#8220;-24&#8243;][vc_column_text]<\/p>\n<h1><span style=\"color: #a4c4ce;\">Einblicke<\/span><\/h1>\n<p>[\/vc_column_text][\/vc_column_inner][\/vc_row_inner][\/qode_elements_holder_item][\/qode_elements_holder][\/vc_column][\/vc_row][vc_row css_animation=&#8220;&#8220; row_type=&#8220;row&#8220; use_row_as_full_screen_section=&#8220;no&#8220; type=&#8220;grid&#8220; angled_section=&#8220;no&#8220; text_align=&#8220;left&#8220; background_image_as_pattern=&#8220;without_pattern&#8220; z_index=&#8220;1&#8243;][vc_column width=&#8220;1\/4&#8243;][\/vc_column][vc_column width=&#8220;1\/2&#8243;][vc_separator type=&#8220;transparent&#8220; up=&#8220;-49&#8243;][vc_gallery interval=&#8220;3&#8243; images=&#8220;894,893,892,891,890,882,889,888,887,886,885,884,883,915,916,917,918,919,920,921,922,924,925,927,928&#8243; img_size=&#8220;full&#8220;][\/vc_column][vc_column width=&#8220;1\/4&#8243;][\/vc_column][\/vc_row][vc_row css_animation=&#8220;&#8220; row_type=&#8220;row&#8220; use_row_as_full_screen_section=&#8220;no&#8220; type=&#8220;grid&#8220; angled_section=&#8220;no&#8220; text_align=&#8220;left&#8220; background_image_as_pattern=&#8220;without_pattern&#8220; z_index=&#8220;2&#8243;][vc_column][qode_elements_holder number_of_columns=&#8220;one_column&#8220;][qode_elements_holder_item advanced_animations=&#8220;no&#8220; item_padding=&#8220;0px 64% 0 82px&#8220; item_padding_1024_1280=&#8220;0px 57% 0 82px&#8220; item_padding_768_1024=&#8220;0px 51% 0 82px&#8220; item_padding_600_768=&#8220;0px 22% 0 82px&#8220; item_padding_480_600=&#8220;0px 15% 0 20px&#8220; item_padding_480=&#8220;0px 15% 0 20px&#8220;][vc_row_inner row_type=&#8220;row&#8220; type=&#8220;full_width&#8220; text_align=&#8220;left&#8220; css_animation=&#8220;&#8220;][vc_column_inner css=&#8220;.vc_custom_1511875133439{border-top-width: 10px !important;border-top-color: #000000 !important;border-top-style: solid !important;}&#8220;][vc_separator type=&#8220;transparent&#8220; up=&#8220;-24&#8243;][vc_column_text]<\/p>\n<h1><span class=\"\">Presse-<br \/>\nSpiegel<br \/>\n<\/span><\/h1>\n<p>[\/vc_column_text][\/vc_column_inner][\/vc_row_inner][\/qode_elements_holder_item][\/qode_elements_holder][\/vc_column][\/vc_row][vc_row css_animation=&#8220;&#8220; row_type=&#8220;row&#8220; use_row_as_full_screen_section=&#8220;no&#8220; type=&#8220;grid&#8220; angled_section=&#8220;no&#8220; text_align=&#8220;left&#8220; background_image_as_pattern=&#8220;without_pattern&#8220; z_index=&#8220;1&#8243;][vc_column][vc_separator type=&#8220;transparent&#8220; up=&#8220;-49&#8243;][qode_elements_holder number_of_columns=&#8220;three_columns&#8220; custom_class=&#8220;eh-with-image&#8220;][qode_elements_holder_item horizontal_alignment=&#8220;center&#8220; advanced_animations=&#8220;no&#8220; item_padding=&#8220;0000&#8243; item_padding_1024_1280=&#8220;57px 0 56px 0&#8243; item_padding_768_1024=&#8220;43px 50px 52px 50px&#8220; item_padding_600_768=&#8220;150px 0px 130px 0px&#8220;][vc_single_image image=&#8220;425&#8243; img_size=&#8220;full&#8220; alignment=&#8220;center&#8220; onclick=&#8220;custom_link&#8220; img_link_target=&#8220;_blank&#8220; qode_css_animation=&#8220;&#8220; qode_hover_animation=&#8220;bottom_title&#8220; link=&#8220;https:\/\/www.deutschlandfunkkultur.de\/profisportler-nach-der-karriere-nach-dem-abpfiff-geht-s-100.html&#8220;][\/qode_elements_holder_item][qode_elements_holder_item horizontal_alignment=&#8220;center&#8220; advanced_animations=&#8220;no&#8220; item_padding=&#8220;0 0 0 0&#8243;][vc_single_image image=&#8220;350&#8243; img_size=&#8220;full&#8220; onclick=&#8220;custom_link&#8220; img_link_target=&#8220;_blank&#8220; qode_css_animation=&#8220;&#8220; qode_hover_animation=&#8220;bottom_title&#8220; link=&#8220;https:\/\/www.spiegel.de\/start\/sportkarriere-und-dann-was-kommt-nach-dem-spitzensport-a-449c7da8-2215-443e-bd6b-f2a626719686&#8243;][\/qode_elements_holder_item][qode_elements_holder_item horizontal_alignment=&#8220;center&#8220; advanced_animations=&#8220;no&#8220; item_padding=&#8220;0 0 0 0&#8243; item_padding_1024_1280=&#8220;28px 0 56px 0&#8243; item_padding_768_1024=&#8220;18px 40px 18px 40px&#8220; item_padding_600_768=&#8220;129px 0px 129px 0px&#8220;][vc_single_image image=&#8220;355&#8243; img_size=&#8220;full&#8220; qode_css_animation=&#8220;&#8220; qode_hover_animation=&#8220;zoom_in&#8220;][\/qode_elements_holder_item][\/qode_elements_holder][\/vc_column][\/vc_row][vc_row css_animation=&#8220;&#8220; row_type=&#8220;row&#8220; use_row_as_full_screen_section=&#8220;no&#8220; type=&#8220;grid&#8220; angled_section=&#8220;no&#8220; text_align=&#8220;left&#8220; background_image_as_pattern=&#8220;without_pattern&#8220; z_index=&#8220;&#8220;][vc_column][qode_elements_holder number_of_columns=&#8220;three_columns&#8220; custom_class=&#8220;eh-with-image&#8220;][qode_elements_holder_item horizontal_alignment=&#8220;center&#8220; advanced_animations=&#8220;no&#8220; item_padding=&#8220;0 0 0 0&#8243;][vc_single_image image=&#8220;351&#8243; img_size=&#8220;full&#8220; onclick=&#8220;custom_link&#8220; img_link_target=&#8220;_blank&#8220; qode_css_animation=&#8220;&#8220; qode_hover_animation=&#8220;bottom_title&#8220; link=&#8220;https:\/\/www.zeit.de\/sport\/2013-01\/sportler-berufsleben-studie-karriere\/seite-2&#8243;][\/qode_elements_holder_item][qode_elements_holder_item horizontal_alignment=&#8220;center&#8220; advanced_animations=&#8220;no&#8220; item_padding=&#8220;0 0 0 0&#8243; item_padding_1024_1280=&#8220;54px 0 63px 0&#8243; item_padding_768_1024=&#8220;31px 20px 37px 20px&#8220; item_padding_600_768=&#8220;159px 0px 130px 0px&#8220;][vc_single_image image=&#8220;356&#8243; img_size=&#8220;full&#8220; add_caption=&#8220;yes&#8220; qode_css_animation=&#8220;&#8220; qode_hover_animation=&#8220;zoom_in&#8220;][\/qode_elements_holder_item][qode_elements_holder_item horizontal_alignment=&#8220;center&#8220; advanced_animations=&#8220;no&#8220; item_padding=&#8220;0 0 0 0&#8243;][vc_single_image image=&#8220;352&#8243; img_size=&#8220;full&#8220; onclick=&#8220;custom_link&#8220; img_link_target=&#8220;_blank&#8220; qode_css_animation=&#8220;&#8220; qode_hover_animation=&#8220;bottom_title&#8220; link=&#8220;https:\/\/www.faz.net\/aktuell\/sport\/sportpolitik\/viele-sportler-haben-probleme-nach-der-karriere-15730098.html&#8220;][\/qode_elements_holder_item][\/qode_elements_holder][\/vc_column][\/vc_row][vc_row css_animation=&#8220;&#8220; row_type=&#8220;row&#8220; use_row_as_full_screen_section=&#8220;no&#8220; type=&#8220;grid&#8220; angled_section=&#8220;no&#8220; text_align=&#8220;left&#8220; background_image_as_pattern=&#8220;without_pattern&#8220; z_index=&#8220;1&#8243;][vc_column][qode_elements_holder number_of_columns=&#8220;three_columns&#8220; custom_class=&#8220;eh-with-image&#8220;][qode_elements_holder_item horizontal_alignment=&#8220;center&#8220; advanced_animations=&#8220;no&#8220; item_padding=&#8220;0 0 0 0&#8243; item_padding_1024_1280=&#8220;41px 0 41px 0&#8243; item_padding_768_1024=&#8220;20px 30px 13px 30px&#8220; item_padding_600_768=&#8220;130px 0px 125px 0px&#8220;][vc_single_image image=&#8220;360&#8243; img_size=&#8220;full&#8220; add_caption=&#8220;yes&#8220; alignment=&#8220;center&#8220; qode_css_animation=&#8220;&#8220; qode_hover_animation=&#8220;bottom_title&#8220;][\/qode_elements_holder_item][qode_elements_holder_item advanced_animations=&#8220;no&#8220; item_padding=&#8220;0 0 0 0&#8243;][vc_single_image image=&#8220;353&#8243; img_size=&#8220;full&#8220; onclick=&#8220;custom_link&#8220; img_link_target=&#8220;_blank&#8220; qode_css_animation=&#8220;&#8220; qode_hover_animation=&#8220;bottom_title&#8220; link=&#8220;https:\/\/www.handelsblatt.com\/karriere\/karriere-sind-leistungssportler-im-job-wirklich-krisenfester-drei-ex-profis-berichten\/26214554.html&#8220;][\/qode_elements_holder_item][qode_elements_holder_item advanced_animations=&#8220;no&#8220; item_padding=&#8220;0 0 0 0&#8243;][vc_single_image image=&#8220;457&#8243; img_size=&#8220;full&#8220; onclick=&#8220;custom_link&#8220; qode_css_animation=&#8220;&#8220; qode_hover_animation=&#8220;bottom_title&#8220; link=&#8220;https:\/\/janaleidenfrost.net#tickets&#8220;][\/qode_elements_holder_item][\/qode_elements_holder][\/vc_column][\/vc_row][vc_row css_animation=&#8220;&#8220; row_type=&#8220;row&#8220; use_row_as_full_screen_section=&#8220;no&#8220; type=&#8220;grid&#8220; angled_section=&#8220;no&#8220; text_align=&#8220;left&#8220; background_image_as_pattern=&#8220;without_pattern&#8220; padding_top=&#8220;171&#8243; z_index=&#8220;4&#8243;][vc_column][qode_elements_holder number_of_columns=&#8220;one_column&#8220;][qode_elements_holder_item advanced_animations=&#8220;no&#8220; item_padding=&#8220;0px 66% 0 82px&#8220; item_padding_1024_1280=&#8220;0px 59% 0 82px&#8220; item_padding_768_1024=&#8220;0px 53% 0 82px&#8220; item_padding_600_768=&#8220;0px 25% 0 82px&#8220; item_padding_480_600=&#8220;0px 19% 0 20px&#8220; item_padding_480=&#8220;0px 19% 0 20px&#8220;][vc_row_inner row_type=&#8220;row&#8220; type=&#8220;full_width&#8220; text_align=&#8220;left&#8220; css_animation=&#8220;&#8220;][vc_column_inner css=&#8220;.vc_custom_1511942708344{border-top-width: 10px !important;border-top-color: #000000 !important;border-top-style: solid !important;}&#8220;][vc_separator type=&#8220;transparent&#8220; up=&#8220;-24&#8243;][vc_column_text]<\/p>\n<h1><span style=\"color: #ff463e;\">R\u00fcckblick<\/span><\/h1>\n<p>[\/vc_column_text][\/vc_column_inner][\/vc_row_inner][\/qode_elements_holder_item][\/qode_elements_holder][\/vc_column][\/vc_row][vc_row css_animation=&#8220;&#8220; row_type=&#8220;row&#8220; use_row_as_full_screen_section=&#8220;no&#8220; type=&#8220;full_width&#8220; angled_section=&#8220;no&#8220; text_align=&#8220;left&#8220; background_image_as_pattern=&#8220;without_pattern&#8220; z_index=&#8220;&#8220; anchor=&#8220;programm&#8220; el_id=&#8220;programm&#8220;][vc_column][\/vc_column][\/vc_row][vc_row css_animation=&#8220;&#8220; row_type=&#8220;row&#8220; use_row_as_full_screen_section=&#8220;no&#8220; type=&#8220;grid&#8220; angled_section=&#8220;no&#8220; text_align=&#8220;left&#8220; background_image_as_pattern=&#8220;without_pattern&#8220; padding_top=&#8220;171&#8243; z_index=&#8220;4&#8243;][vc_column][qode_elements_holder number_of_columns=&#8220;one_column&#8220;][qode_elements_holder_item advanced_animations=&#8220;no&#8220; item_padding=&#8220;0px 66% 0 82px&#8220; item_padding_1024_1280=&#8220;0px 59% 0 82px&#8220; item_padding_768_1024=&#8220;0px 53% 0 82px&#8220; item_padding_600_768=&#8220;0px 25% 0 82px&#8220; item_padding_480_600=&#8220;0px 19% 0 20px&#8220; item_padding_480=&#8220;0px 19% 0 20px&#8220;][vc_row_inner row_type=&#8220;row&#8220; type=&#8220;full_width&#8220; text_align=&#8220;left&#8220; css_animation=&#8220;&#8220;][vc_column_inner css=&#8220;.vc_custom_1511942708344{border-top-width: 10px !important;border-top-color: #000000 !important;border-top-style: solid !important;}&#8220;][vc_separator type=&#8220;transparent&#8220; up=&#8220;-24&#8243;][vc_column_text]<\/p>\n<h1>Programm<br \/>\n19.April<\/h1>\n<p>[\/vc_column_text][\/vc_column_inner][\/vc_row_inner][\/qode_elements_holder_item][\/qode_elements_holder][\/vc_column][\/vc_row][vc_row css_animation=&#8220;&#8220; row_type=&#8220;row&#8220; use_row_as_full_screen_section=&#8220;no&#8220; type=&#8220;grid&#8220; angled_section=&#8220;no&#8220; text_align=&#8220;left&#8220; background_image_as_pattern=&#8220;without_pattern&#8220; z_index=&#8220;3&#8243; css=&#8220;.vc_custom_1704588281304{background-position: 0 0 !important;background-repeat: no-repeat !important;}&#8220;][vc_column][vc_separator type=&#8220;transparent&#8220; up=&#8220;-49&#8243;][qode_elements_holder background_color=&#8220;#ffffff&#8220; number_of_columns=&#8220;one_column&#8220;][qode_elements_holder_item vertical_alignment=&#8220;top&#8220; horizontal_alignment=&#8220;right&#8220; advanced_animations=&#8220;yes&#8220; start_position=&#8220;bottom&#8220; end_position=&#8220;top-bottom&#8220; item_padding=&#8220;161px 85px 104px 85px&#8220; item_padding_480_600=&#8220;161px 40px 104px 40px&#8220; item_padding_480=&#8220;161px 40px 104px 40px&#8220;][vc_row_inner row_type=&#8220;row&#8220; type=&#8220;full_width&#8220; text_align=&#8220;left&#8220; css_animation=&#8220;&#8220;][vc_column_inner width=&#8220;1\/2&#8243; offset=&#8220;vc_col-md-4&#8243;][vc_column_text]<\/p>\n<h3>Ablauf:<\/h3>\n<p>[\/vc_column_text][vc_empty_space height=&#8220;47px&#8220;][vc_column_text]<\/p>\n<h3><span style=\"color: #ff463e;\">9:00 \u2013 9:15<\/span><\/h3>\n<p>[\/vc_column_text][vc_empty_space height=&#8220;10px&#8220;][vc_column_text]<\/p>\n<h6>Check In<span class=\"Apple-converted-space\">\u00a0<\/span><\/h6>\n<p>[\/vc_column_text][vc_empty_space height=&#8220;47px&#8220;][vc_column_text]<\/p>\n<h3><span style=\"color: #ff463e;\">9:15 \u2013 9:30<\/span><\/h3>\n<p>[\/vc_column_text][vc_empty_space height=&#8220;10px&#8220;][vc_column_text]<\/p>\n<h6>Gru\u00dfwort &amp; Er\u00f6ffnung<\/h6>\n<p>[\/vc_column_text][vc_empty_space height=&#8220;47px&#8220;][vc_column_text]<\/p>\n<h3><span style=\"color: #ff463e;\">9:30 \u2013 11:00<\/span><\/h3>\n<p>[\/vc_column_text][vc_empty_space height=&#8220;10px&#8220;][vc_column_text]<\/p>\n<h6>Startschuss &amp; Vorhang auf<span class=\"Apple-converted-space\">\u00a0<\/span><\/h6>\n<p>[\/vc_column_text][vc_empty_space height=&#8220;47px&#8220;][vc_column_text]<\/p>\n<h3><span style=\"color: #ff463e;\">11:15 \u2013 13:00<\/span><\/h3>\n<p>[\/vc_column_text][vc_empty_space height=&#8220;10px&#8220;][vc_column_text]<\/p>\n<h6 style=\"text-align: left;\">Talkrunden &amp; Gespr\u00e4chskonzert<\/h6>\n<p>[\/vc_column_text][vc_empty_space height=&#8220;47px&#8220;][vc_column_text]<\/p>\n<h3><span style=\"color: #ff463e;\">13:00 \u2013 14:00<\/span><\/h3>\n<p>[\/vc_column_text][vc_column_text]<\/p>\n<h6 style=\"text-align: left;\">Mittagspause<\/h6>\n<p>[\/vc_column_text][vc_empty_space height=&#8220;47px&#8220;][vc_column_text]<\/p>\n<h3><span style=\"color: #ff463e;\">14:00 \u2013 16:00<\/span><\/h3>\n<p>[\/vc_column_text][vc_column_text]<\/p>\n<h6 style=\"text-align: left;\">Trainingslager &amp; Meisterkurs<\/h6>\n<p>[\/vc_column_text][vc_empty_space height=&#8220;47px&#8220;][vc_column_text]<\/p>\n<h3><span style=\"color: #ff463e;\">16:00 \u2013 17:00<\/span><\/h3>\n<p>[\/vc_column_text][vc_column_text]<\/p>\n<h6 style=\"text-align: left;\">Zieleinlauf &amp; Applaus<span class=\"Apple-converted-space\">\u00a0<\/span><\/h6>\n<p>[\/vc_column_text][vc_empty_space height=&#8220;47px&#8220;][vc_column_text]<\/p>\n<h3><span style=\"color: #ff463e;\">17:00<\/span><\/h3>\n<p>[\/vc_column_text][vc_column_text]<\/p>\n<h6 style=\"text-align: left;\">Cool Down<span class=\"Apple-converted-space\">\u00a0<\/span><\/h6>\n<p>[\/vc_column_text][\/vc_column_inner][vc_column_inner width=&#8220;1\/2&#8243;][vc_column_text]<\/p>\n<div class=\"\">\n<h3><span class=\"\">Thema:<\/span><\/h3>\n<\/div>\n<p>[\/vc_column_text][vc_empty_space height=&#8220;47px&#8220;][vc_column_text]<\/p>\n<h2><span class=\"\" style=\"color: #c5bde4;\">Austausch der Eliten<\/span><\/h2>\n<p>[\/vc_column_text][vc_empty_space height=&#8220;28px&#8220;][vc_column_text]<\/p>\n<div class=\"\">\n<div class=\"\"><span class=\"\">Sport und Musik passieren zwar in grunds\u00e4tzlich unterschiedlichen Feldern, weisen aber gewisse \u00c4hnlichkeiten auf. Einer sehr gro\u00dfen Menge \u00e4u\u00dferst talentierter junger Menschen stehen eher wenige erfolgreiche Star-Karrieren gegen\u00fcber. F\u00fcr viele erfolgreiche Musiker und Sportler zeigen sich vergleichbare H\u00fcrden bei der Laufbahnplanung. Defizite in der Ausbildung betreffen weniger die sportlich-musikalischen Fertigkeiten als vielmehr personale und soziale Skills f\u00fcr eine beruflich erfolgreiche weitere Entwicklung<\/span><span class=\"\">\u00a0im Sport und der Musik<\/span><span class=\"\">.<\/span><\/div>\n<\/div>\n<p>[\/vc_column_text][vc_empty_space height=&#8220;28px&#8220;][vc_column_text]<\/p>\n<div class=\"\">\n<div class=\"\">Diese Bedingungen wollen wir zum Anlass nehmen, in Form einer Auftaktveranstaltung Musiker und Sportler, Sport- und Kulturmanager, Laufbahnberater \u00a0und Musikagenten in ein Gespr\u00e4ch zu bringen. Trotz unterschiedlicher Voraussetzungen und Herausforderungen gehen wir davon aus, dass alle Seiten voneinander lernen k\u00f6nnen und dass die unterschiedlichen Erfahrungen neue Perspektiven auf den eigenen Standpunkt erm\u00f6glichen.<\/div>\n<\/div>\n<p>[\/vc_column_text][vc_empty_space height=&#8220;28px&#8220;][vc_column_text]<\/p>\n<div class=\"wpb_text_column wpb_content_element \">\n<div class=\"wpb_wrapper\"><\/div>\n<\/div>\n<div class=\"wpb_text_column wpb_content_element \">\n<div class=\"wpb_wrapper\">\n<p>Musikalische Beitr\u00e4ge: Schneider &amp; Kuhn<\/p>\n<\/div>\n<\/div>\n<p>[\/vc_column_text][vc_empty_space height=&#8220;28px&#8220;]<a  itemprop=\"url\" href=\"https:\/\/janaleidenfrost.net\/wp-content\/uploads\/2024\/03\/Agenda.pdf\" target=\"_self\"  class=\"qbutton  default\" style=\"\">Agenda<\/a>[\/vc_column_inner][\/vc_row_inner][\/qode_elements_holder_item][\/qode_elements_holder][\/vc_column][\/vc_row][vc_row css_animation=&#8220;&#8220; row_type=&#8220;row&#8220; use_row_as_full_screen_section=&#8220;no&#8220; type=&#8220;full_width&#8220; angled_section=&#8220;no&#8220; text_align=&#8220;left&#8220; background_image_as_pattern=&#8220;without_pattern&#8220; z_index=&#8220;&#8220; anchor=&#8220;speaker&#8220;][vc_column][\/vc_column][\/vc_row][vc_row css_animation=&#8220;&#8220; row_type=&#8220;row&#8220; use_row_as_full_screen_section=&#8220;no&#8220; type=&#8220;grid&#8220; angled_section=&#8220;no&#8220; text_align=&#8220;left&#8220; background_image_as_pattern=&#8220;without_pattern&#8220; padding_top=&#8220;167&#8243; z_index=&#8220;6&#8243;][vc_column][qode_elements_holder number_of_columns=&#8220;one_column&#8220;][qode_elements_holder_item advanced_animations=&#8220;no&#8220; item_padding=&#8220;0px 39% 0 82px&#8220; item_padding_1024_1280=&#8220;0px 28% 0 82px&#8220; item_padding_768_1024=&#8220;0px 17% 0 82px&#8220; item_padding_600_768=&#8220;0px 24% 0 82px&#8220; item_padding_480_600=&#8220;0px 16% 0 20px&#8220; item_padding_480=&#8220;0px 16% 0 20px&#8220;][vc_row_inner row_type=&#8220;row&#8220; type=&#8220;full_width&#8220; text_align=&#8220;left&#8220; css_animation=&#8220;&#8220;][vc_column_inner css=&#8220;.vc_custom_1511942708344{border-top-width: 10px !important;border-top-color: #000000 !important;border-top-style: solid !important;}&#8220;][vc_separator type=&#8220;transparent&#8220; up=&#8220;-24&#8243;][vc_column_text]<\/p>\n<h1>Speaker<\/h1>\n<p>[\/vc_column_text][\/vc_column_inner][\/vc_row_inner][\/qode_elements_holder_item][\/qode_elements_holder][\/vc_column][\/vc_row][vc_row css_animation=&#8220;&#8220; row_type=&#8220;row&#8220; use_row_as_full_screen_section=&#8220;no&#8220; type=&#8220;grid&#8220; angled_section=&#8220;no&#8220; text_align=&#8220;left&#8220; background_image_as_pattern=&#8220;without_pattern&#8220; z_index=&#8220;5&#8243;][vc_column][vc_separator type=&#8220;transparent&#8220; up=&#8220;80&#8243;][qode_elements_holder number_of_columns=&#8220;two_columns&#8220; custom_class=&#8220;eh-with-image&#8220;][qode_elements_holder_item advanced_animations=&#8220;no&#8220; item_padding=&#8220;0 0 0 0&#8243;][vc_single_image image=&#8220;505&#8243; img_size=&#8220;medium&#8220; qode_css_animation=&#8220;&#8220; qode_hover_animation=&#8220;zoom_in&#8220; css=&#8220;.vc_custom_1706619706683{background-color: #c5bde4 !important;}&#8220;][vc_empty_space height=&#8220;19px&#8220;][\/qode_elements_holder_item][qode_elements_holder_item vertical_alignment=&#8220;middle&#8220; horizontal_alignment=&#8220;left&#8220; advanced_animations=&#8220;no&#8220; background_image=&#8220;91&#8243; item_padding=&#8220;120px 20px 20px 70px&#8220; item_padding_1024_1280=&#8220;103px 70px 100px 67px&#8220; item_padding_768_1024=&#8220;59px 50px 59px 50px&#8220; item_padding_480_600=&#8220;40px 40px 40px 40px&#8220; item_padding_480=&#8220;40px 40px 40px 40px&#8220;][vc_column_text]<\/p>\n<h2>Prof. Eva Schmitt-Rodermund<\/h2>\n<p>[\/vc_column_text][vc_empty_space height=&#8220;9px&#8220;][vc_column_text]Pr\u00e4sidentin FH Potsdam[\/vc_column_text][vc_empty_space height=&#8220;19px&#8220;]<a  itemprop=\"url\" href=\"https:\/\/janaleidenfrost.net\/wp-content\/uploads\/2024\/03\/Kurz-Vita-Eva-Schmitt-Rodermund.pdf\" target=\"_self\"  class=\"qbutton  default\" style=\"\">Vita<\/a>[vc_empty_space height=&#8220;9px&#8220;]<span class='q_social_icon_holder circle_social' data-color=#000000 data-hover-background-color=rgba(255,255,255,0.01) data-hover-border-color=#ff1c1c data-hover-color=#ff1c1c><a itemprop='url' href='https:\/\/www.linkedin.com\/in\/eva-schmitt-rodermund-9a801b49\/' target='_blank'><span class='fa-stack ' style='background-color: rgba(255,255,255,0.01);border-color: #000000;border-width: 2px;font-size: 12px;'><i class=\"qode_icon_font_awesome fa fa-linkedin \" style=\"color: #000000;font-size: 12px;\" ><\/i><\/span><\/a><\/span>[\/qode_elements_holder_item][\/qode_elements_holder][\/vc_column][\/vc_row][vc_row css_animation=&#8220;&#8220; row_type=&#8220;row&#8220; use_row_as_full_screen_section=&#8220;no&#8220; type=&#8220;grid&#8220; angled_section=&#8220;no&#8220; text_align=&#8220;left&#8220; background_image_as_pattern=&#8220;without_pattern&#8220; z_index=&#8220;5&#8243;][vc_column][vc_separator type=&#8220;transparent&#8220; up=&#8220;80&#8243;][qode_elements_holder number_of_columns=&#8220;two_columns&#8220; custom_class=&#8220;eh-with-image&#8220;][qode_elements_holder_item advanced_animations=&#8220;no&#8220; item_padding=&#8220;0 0 0 0&#8243;][vc_single_image image=&#8220;515&#8243; img_size=&#8220;medium&#8220; qode_css_animation=&#8220;&#8220; qode_hover_animation=&#8220;zoom_in&#8220; css=&#8220;.vc_custom_1706619688847{background-color: #c5bde4 !important;}&#8220;][vc_empty_space height=&#8220;19px&#8220;][\/qode_elements_holder_item][qode_elements_holder_item vertical_alignment=&#8220;middle&#8220; horizontal_alignment=&#8220;left&#8220; advanced_animations=&#8220;no&#8220; background_image=&#8220;91&#8243; item_padding=&#8220;120px 20px 20px 70px&#8220; item_padding_1024_1280=&#8220;103px 74px 100px 70px&#8220; item_padding_768_1024=&#8220;59px 50px 59px 50px&#8220; item_padding_480_600=&#8220;40px 40px 40px 40px&#8220; item_padding_480=&#8220;40px 40px 40px 40px&#8220;][vc_column_text]<\/p>\n<h2>Tobias Haug<\/h2>\n<p>[\/vc_column_text][vc_empty_space height=&#8220;9px&#8220;][vc_column_text]Ehemaliger Nordischer Kombinierer, Weltcupzweiter im Team, Projektleiter der Gesch\u00e4ftsf\u00fchrung Loretto-Krankenhaus Freiburg[\/vc_column_text][vc_empty_space height=&#8220;19px&#8220;]<a  itemprop=\"url\" href=\"https:\/\/janaleidenfrost.net\/wp-content\/uploads\/2024\/03\/Vita_-Tobias-Haug.pdf\" target=\"_self\"  class=\"qbutton  default\" style=\"\">Vita<\/a>[vc_empty_space height=&#8220;9px&#8220;]<span class='q_social_icon_holder circle_social' data-color=#000000 data-hover-background-color=rgba(255,255,255,0.01) data-hover-border-color=#ff1c1c data-hover-color=#ff1c1c><a itemprop='url' href='https:\/\/www.linkedin.com\/in\/tobias-haug-790839224\/' target='_blank'><span class='fa-stack ' style='background-color: rgba(255,255,255,0.01);border-color: #000000;border-width: 2px;font-size: 12px;'><i class=\"qode_icon_font_awesome fa fa-linkedin \" style=\"color: #000000;font-size: 12px;\" ><\/i><\/span><\/a><\/span>[\/qode_elements_holder_item][\/qode_elements_holder][\/vc_column][\/vc_row][vc_row css_animation=&#8220;&#8220; row_type=&#8220;row&#8220; use_row_as_full_screen_section=&#8220;no&#8220; type=&#8220;grid&#8220; angled_section=&#8220;no&#8220; text_align=&#8220;left&#8220; background_image_as_pattern=&#8220;without_pattern&#8220; z_index=&#8220;5&#8243;][vc_column][vc_separator type=&#8220;transparent&#8220; up=&#8220;80&#8243;][qode_elements_holder number_of_columns=&#8220;two_columns&#8220; custom_class=&#8220;eh-with-image&#8220;][qode_elements_holder_item advanced_animations=&#8220;no&#8220; item_padding=&#8220;0 0 0 0&#8243;][vc_single_image image=&#8220;763&#8243; img_size=&#8220;medium&#8220; qode_css_animation=&#8220;&#8220; qode_hover_animation=&#8220;zoom_in&#8220; css=&#8220;.vc_custom_1710890921915{background-color: #c5bde4 !important;}&#8220;][vc_empty_space height=&#8220;19px&#8220;][\/qode_elements_holder_item][qode_elements_holder_item vertical_alignment=&#8220;middle&#8220; horizontal_alignment=&#8220;left&#8220; advanced_animations=&#8220;no&#8220; background_image=&#8220;91&#8243; item_padding=&#8220;120px 20px 20px 70px&#8220; item_padding_1024_1280=&#8220;103px 74px 100px 70px&#8220; item_padding_768_1024=&#8220;59px 50px 59px 50px&#8220; item_padding_480_600=&#8220;40px 40px 40px 40px&#8220; item_padding_480=&#8220;40px 40px 40px 40px&#8220;][vc_column_text]<\/p>\n<h2>Michael Tischler<\/h2>\n<p>[\/vc_column_text][vc_empty_space height=&#8220;9px&#8220;][vc_column_text]<\/p>\n<p style=\"font-weight: 400;\">Gesch\u00e4ftsstellenleiter bei OVB Verm\u00f6gensberatung AG<\/p>\n<p>[\/vc_column_text][vc_empty_space height=&#8220;19px&#8220;]<span class='q_social_icon_holder circle_social' data-color=#000000 data-hover-background-color=rgba(255,255,255,0.01) data-hover-border-color=#ff1c1c data-hover-color=#ff1c1c><a itemprop='url' href='https:\/\/www.linkedin.com\/in\/michael-tischler\/' target='_blank'><span class='fa-stack ' style='background-color: rgba(255,255,255,0.01);border-color: #000000;border-width: 2px;font-size: 12px;'><i class=\"qode_icon_font_awesome fa fa-linkedin \" style=\"color: #000000;font-size: 12px;\" ><\/i><\/span><\/a><\/span>[\/qode_elements_holder_item][\/qode_elements_holder][\/vc_column][\/vc_row][vc_row css_animation=&#8220;&#8220; row_type=&#8220;row&#8220; use_row_as_full_screen_section=&#8220;no&#8220; type=&#8220;grid&#8220; angled_section=&#8220;no&#8220; text_align=&#8220;left&#8220; background_image_as_pattern=&#8220;without_pattern&#8220; z_index=&#8220;5&#8243;][vc_column][vc_separator type=&#8220;transparent&#8220; up=&#8220;80&#8243;][qode_elements_holder number_of_columns=&#8220;two_columns&#8220; custom_class=&#8220;eh-with-image&#8220;][qode_elements_holder_item advanced_animations=&#8220;no&#8220; item_padding=&#8220;0 0 0 0&#8243;][vc_single_image image=&#8220;764&#8243; img_size=&#8220;medium&#8220; qode_css_animation=&#8220;&#8220; qode_hover_animation=&#8220;zoom_in&#8220; css=&#8220;.vc_custom_1710890982246{background-color: #c5bde4 !important;}&#8220;][vc_empty_space height=&#8220;19px&#8220;][\/qode_elements_holder_item][qode_elements_holder_item vertical_alignment=&#8220;middle&#8220; horizontal_alignment=&#8220;left&#8220; advanced_animations=&#8220;no&#8220; background_image=&#8220;91&#8243; item_padding=&#8220;120px 20px 20px 70px&#8220; item_padding_1024_1280=&#8220;103px 74px 100px 70px&#8220; item_padding_768_1024=&#8220;59px 50px 59px 50px&#8220; item_padding_480_600=&#8220;40px 40px 40px 40px&#8220; item_padding_480=&#8220;40px 40px 40px 40px&#8220;][vc_column_text]<\/p>\n<h2>David M\u00f6ller<\/h2>\n<p>[\/vc_column_text][vc_empty_space height=&#8220;9px&#8220;][vc_column_text]<\/p>\n<div class=\"\">\n<div><span lang=\"de\">Ehemaliger Rennrodler, Silbermedaillengewinner bei Olympischen Spielen und mehrfacher Weltmeister, Tr\u00e4ger des silbernen Lorbeerblattes, Ehrenb\u00fcrger der Stadt Schalkau, 1. Vorsitzender der Stiftung Th\u00fcringer Sporthilfe, Steuerberater f\u00fcr Familienunternehmen und Mittelstand (PricewaterhouseCoopers GmbH Wirtschaftspr\u00fcfungsgesellschaft) <\/span><\/div>\n<\/div>\n<p>[\/vc_column_text][vc_empty_space height=&#8220;19px&#8220;]<a  itemprop=\"url\" href=\"https:\/\/janaleidenfrost.net\/wp-content\/uploads\/2024\/03\/CV-David-Moeller.pdf\" target=\"_self\"  class=\"qbutton  default\" style=\"\">Vita<\/a>[\/qode_elements_holder_item][\/qode_elements_holder][\/vc_column][\/vc_row][vc_row css_animation=&#8220;&#8220; row_type=&#8220;row&#8220; use_row_as_full_screen_section=&#8220;no&#8220; type=&#8220;grid&#8220; angled_section=&#8220;no&#8220; text_align=&#8220;left&#8220; background_image_as_pattern=&#8220;without_pattern&#8220; z_index=&#8220;5&#8243;][vc_column][vc_separator type=&#8220;transparent&#8220; up=&#8220;80&#8243;][qode_elements_holder number_of_columns=&#8220;two_columns&#8220; custom_class=&#8220;eh-with-image&#8220;][qode_elements_holder_item advanced_animations=&#8220;no&#8220; item_padding=&#8220;0 0 0 0&#8243;][vc_single_image image=&#8220;548&#8243; img_size=&#8220;medium&#8220; qode_css_animation=&#8220;&#8220; qode_hover_animation=&#8220;zoom_in&#8220; css=&#8220;.vc_custom_1706619640483{background-color: #c5bde4 !important;}&#8220;][vc_empty_space height=&#8220;19px&#8220;][\/qode_elements_holder_item][qode_elements_holder_item vertical_alignment=&#8220;middle&#8220; horizontal_alignment=&#8220;left&#8220; advanced_animations=&#8220;no&#8220; background_image=&#8220;91&#8243; item_padding=&#8220;120px 20px 20px 70px&#8220; item_padding_1024_1280=&#8220;103px 74px 100px 70px&#8220; item_padding_768_1024=&#8220;59px 50px 59px 50px&#8220; item_padding_480_600=&#8220;40px 40px 40px 40px&#8220; item_padding_480=&#8220;40px 40px 40px 40px&#8220;][vc_column_text]<\/p>\n<h2>Gudrun B\u00e4r<\/h2>\n<p>[\/vc_column_text][vc_empty_space height=&#8220;9px&#8220;][vc_column_text]<\/p>\n<div><span lang=\"de\">Gesangsp\u00e4dagogin, Feldenkrais Practitioner, Musikercoach<\/span><\/div>\n<p>[\/vc_column_text][vc_empty_space height=&#8220;19px&#8220;]<span class='q_social_icon_holder circle_social' data-color=#000000 data-hover-background-color=rgba(255,255,255,0.01) data-hover-border-color=#ff1c1c data-hover-color=#ff1c1c><a itemprop='url' href='https:\/\/www.linkedin.com\/in\/gudrun-b\u00e4r-ab280a70\/' target='_blank'><span class='fa-stack ' style='background-color: rgba(255,255,255,0.01);border-color: #000000;border-width: 2px;font-size: 12px;'><i class=\"qode_icon_font_awesome fa fa-linkedin \" style=\"color: #000000;font-size: 12px;\" ><\/i><\/span><\/a><\/span>[\/qode_elements_holder_item][\/qode_elements_holder][\/vc_column][\/vc_row][vc_row css_animation=&#8220;&#8220; row_type=&#8220;row&#8220; use_row_as_full_screen_section=&#8220;no&#8220; type=&#8220;grid&#8220; angled_section=&#8220;no&#8220; text_align=&#8220;left&#8220; background_image_as_pattern=&#8220;without_pattern&#8220; z_index=&#8220;5&#8243;][vc_column][vc_separator type=&#8220;transparent&#8220; up=&#8220;80&#8243;][qode_elements_holder number_of_columns=&#8220;two_columns&#8220; custom_class=&#8220;eh-with-image&#8220;][qode_elements_holder_item advanced_animations=&#8220;no&#8220; item_padding=&#8220;0 0 0 0&#8243;][vc_single_image image=&#8220;713&#8243; img_size=&#8220;medium&#8220; qode_css_animation=&#8220;&#8220; qode_hover_animation=&#8220;zoom_in&#8220; css=&#8220;.vc_custom_1706984777496{background-color: #c5bde4 !important;}&#8220;][vc_empty_space height=&#8220;19px&#8220;][\/qode_elements_holder_item][qode_elements_holder_item vertical_alignment=&#8220;middle&#8220; horizontal_alignment=&#8220;left&#8220; advanced_animations=&#8220;no&#8220; background_image=&#8220;91&#8243; item_padding=&#8220;120px 20px 20px 70px&#8220; item_padding_1024_1280=&#8220;103px 74px 100px 70px&#8220; item_padding_768_1024=&#8220;59px 50px 59px 50px&#8220; item_padding_480_600=&#8220;40px 40px 40px 40px&#8220; item_padding_480=&#8220;40px 40px 40px 40px&#8220;][vc_column_text]<\/p>\n<h2>Prof. Pascal Charles Amann<\/h2>\n<p>[\/vc_column_text][vc_empty_space height=&#8220;9px&#8220;][vc_column_text]<\/p>\n<p class=\"LC20lb MBeuO DKV0Md\"><span style=\"font-weight: 400;\">Selbst\u00e4ndiger Anwalt bei Amann Rechtsanw\u00e4lte und Honorarprofessor der HfM Weimar<\/span><\/p>\n<p>[\/vc_column_text][vc_empty_space height=&#8220;19px&#8220;]<span class='q_social_icon_holder circle_social' data-color=#000000 data-hover-background-color=rgba(255,255,255,0.01) data-hover-border-color=#ff1c1c data-hover-color=#ff1c1c><a itemprop='url' href='https:\/\/www.linkedin.com\/in\/prof-pascal-charles-amann-1822872b?utm_source=share&amp;utm_campaign=share_via&amp;utm_content=profile&amp;utm_medium=ios_app' target='_blank'><span class='fa-stack ' style='background-color: rgba(255,255,255,0.01);border-color: #000000;border-width: 2px;font-size: 12px;'><i class=\"qode_icon_font_awesome fa fa-linkedin \" style=\"color: #000000;font-size: 12px;\" ><\/i><\/span><\/a><\/span>[\/qode_elements_holder_item][\/qode_elements_holder][\/vc_column][\/vc_row][vc_row css_animation=&#8220;&#8220; row_type=&#8220;row&#8220; use_row_as_full_screen_section=&#8220;no&#8220; type=&#8220;grid&#8220; angled_section=&#8220;no&#8220; text_align=&#8220;left&#8220; background_image_as_pattern=&#8220;without_pattern&#8220; z_index=&#8220;5&#8243;][vc_column][vc_separator type=&#8220;transparent&#8220; up=&#8220;80&#8243;][qode_elements_holder number_of_columns=&#8220;two_columns&#8220; custom_class=&#8220;eh-with-image&#8220;][qode_elements_holder_item advanced_animations=&#8220;no&#8220; item_padding=&#8220;0 0 0 0&#8243;][vc_single_image image=&#8220;766&#8243; img_size=&#8220;medium&#8220; qode_css_animation=&#8220;&#8220; qode_hover_animation=&#8220;zoom_in&#8220; css=&#8220;.vc_custom_1710891100792{background-color: #c5bde4 !important;}&#8220;][vc_empty_space height=&#8220;19px&#8220;][\/qode_elements_holder_item][qode_elements_holder_item vertical_alignment=&#8220;middle&#8220; horizontal_alignment=&#8220;left&#8220; advanced_animations=&#8220;no&#8220; background_image=&#8220;91&#8243; item_padding=&#8220;120px 20px 20px 70px&#8220; item_padding_1024_1280=&#8220;103px 74px 100px 70px&#8220; item_padding_768_1024=&#8220;59px 50px 59px 50px&#8220; item_padding_480_600=&#8220;40px 40px 40px 40px&#8220; item_padding_480=&#8220;40px 40px 40px 40px&#8220;][vc_column_text]<\/p>\n<h2>Prof. Dr. Steffen H\u00f6hne<\/h2>\n<p>[\/vc_column_text][vc_empty_space height=&#8220;9px&#8220;][vc_column_text]<\/p>\n<div>Leiter des Studienfachs und Professor f\u00fcr Kulturmanagement der HfM Weimar,<\/div>\n<div>Gr\u00fcndungsvorsitzender des Fachverbands f\u00fcr Kulturmanagement; Pr\u00e4sident des Johann Gottfried Herder-Forschungsrates und Herausgeber zahlreicher Fachzeitschriften<\/div>\n<p>[\/vc_column_text][vc_empty_space height=&#8220;19px&#8220;]<a  itemprop=\"url\" href=\"https:\/\/janaleidenfrost.net\/wp-content\/uploads\/2024\/03\/Kurzvita-Hoehne.pdf\" target=\"_self\"  class=\"qbutton  default\" style=\"\">Vita<\/a>[vc_empty_space height=&#8220;9px&#8220;]<span class='q_social_icon_holder circle_social' data-color=#000000 data-hover-background-color=rgba(255,255,255,0.01) data-hover-border-color=#ff1c1c data-hover-color=#ff1c1c><a itemprop='url' href='https:\/\/www.linkedin.com\/in\/steffen-hoehne-1984a2103\/' target='_blank'><span class='fa-stack ' style='background-color: rgba(255,255,255,0.01);border-color: #000000;border-width: 2px;font-size: 12px;'><i class=\"qode_icon_font_awesome fa fa-linkedin \" style=\"color: #000000;font-size: 12px;\" ><\/i><\/span><\/a><\/span>[\/qode_elements_holder_item][\/qode_elements_holder][\/vc_column][\/vc_row][vc_row css_animation=&#8220;&#8220; row_type=&#8220;row&#8220; use_row_as_full_screen_section=&#8220;no&#8220; type=&#8220;grid&#8220; angled_section=&#8220;no&#8220; text_align=&#8220;left&#8220; background_image_as_pattern=&#8220;without_pattern&#8220; z_index=&#8220;5&#8243;][vc_column][vc_separator type=&#8220;transparent&#8220; up=&#8220;80&#8243;][qode_elements_holder number_of_columns=&#8220;two_columns&#8220; custom_class=&#8220;eh-with-image&#8220;][qode_elements_holder_item advanced_animations=&#8220;no&#8220; item_padding=&#8220;0 0 0 0&#8243;][vc_single_image image=&#8220;324&#8243; img_size=&#8220;medium&#8220; qode_css_animation=&#8220;&#8220; qode_hover_animation=&#8220;zoom_in&#8220; css=&#8220;.vc_custom_1706619697832{background-color: #c5bde4 !important;}&#8220;][vc_empty_space height=&#8220;19px&#8220;][\/qode_elements_holder_item][qode_elements_holder_item vertical_alignment=&#8220;middle&#8220; horizontal_alignment=&#8220;left&#8220; advanced_animations=&#8220;no&#8220; background_image=&#8220;91&#8243; item_padding=&#8220;120px 20px 20px 70px&#8220; item_padding_1024_1280=&#8220;103px 74px 100px 70px&#8220; item_padding_768_1024=&#8220;59px 50px 59px 50px&#8220; item_padding_480_600=&#8220;40px 40px 40px 40px&#8220; item_padding_480=&#8220;40px 40px 40px 40px&#8220;][vc_column_text]<\/p>\n<h2>Prof. Dr. Jana Leidenfrost<\/h2>\n<p>[\/vc_column_text][vc_empty_space height=&#8220;9px&#8220;][vc_column_text]Ehemalige Skilangl\u00e4uferin, Psychologin und Unternehmerin JL psychological mentoring GmbH, Kuratorin der Stiftung Th\u00fcringer Sporthilfe, Honorarprofessorin HfM Weimar[\/vc_column_text][vc_empty_space height=&#8220;19px&#8220;]<a  itemprop=\"url\" href=\"https:\/\/janaleidenfrost.net\/wp-content\/uploads\/2024\/03\/Kurzprofil_JL_2023.pdf\" target=\"_self\"  class=\"qbutton  default\" style=\"\">Profil<\/a>[vc_empty_space height=&#8220;9px&#8220;]<span class='q_social_icon_holder circle_social' data-color=#000000 data-hover-background-color=rgba(255,255,255,0.01) data-hover-border-color=#ff1c1c data-hover-color=#ff1c1c><a itemprop='url' href='https:\/\/www.linkedin.com\/in\/prof-dr-jana-leidenfrost-61787648\/' target='_blank'><span class='fa-stack ' style='background-color: rgba(255,255,255,0.01);border-color: #000000;border-width: 2px;font-size: 12px;'><i class=\"qode_icon_font_awesome fa fa-linkedin \" style=\"color: #000000;font-size: 12px;\" ><\/i><\/span><\/a><\/span>[\/qode_elements_holder_item][\/qode_elements_holder][\/vc_column][\/vc_row][vc_row css_animation=&#8220;&#8220; row_type=&#8220;row&#8220; use_row_as_full_screen_section=&#8220;no&#8220; type=&#8220;grid&#8220; angled_section=&#8220;no&#8220; text_align=&#8220;left&#8220; background_image_as_pattern=&#8220;without_pattern&#8220; z_index=&#8220;5&#8243;][vc_column][vc_separator type=&#8220;transparent&#8220; up=&#8220;80&#8243;][qode_elements_holder number_of_columns=&#8220;two_columns&#8220; custom_class=&#8220;eh-with-image&#8220;][qode_elements_holder_item advanced_animations=&#8220;no&#8220; item_padding=&#8220;0 0 0 0&#8243;][vc_single_image image=&#8220;520&#8243; img_size=&#8220;medium&#8220; qode_css_animation=&#8220;&#8220; qode_hover_animation=&#8220;zoom_in&#8220; css=&#8220;.vc_custom_1706619669360{background-color: #c5bde4 !important;}&#8220;][vc_empty_space height=&#8220;19px&#8220;][\/qode_elements_holder_item][qode_elements_holder_item vertical_alignment=&#8220;middle&#8220; horizontal_alignment=&#8220;left&#8220; advanced_animations=&#8220;no&#8220; background_image=&#8220;91&#8243; item_padding=&#8220;120px 20px 20px 70px&#8220; item_padding_1024_1280=&#8220;103px 74px 100px 70px&#8220; item_padding_768_1024=&#8220;59px 50px 59px 50px&#8220; item_padding_480_600=&#8220;40px 40px 40px 40px&#8220; item_padding_480=&#8220;40px 40px 40px 40px&#8220;][vc_column_text]<\/p>\n<h2>Arnd Heymann<\/h2>\n<p>[\/vc_column_text][vc_empty_space height=&#8220;9px&#8220;][vc_column_text]Gesch\u00e4ftsf\u00fchrendes Vorstandsmitglied<br \/>\nStiftung Th\u00fcringer Sporthilfe[\/vc_column_text][vc_empty_space height=&#8220;19px&#8220;][\/qode_elements_holder_item][\/qode_elements_holder][\/vc_column][\/vc_row][vc_row css_animation=&#8220;&#8220; row_type=&#8220;row&#8220; use_row_as_full_screen_section=&#8220;no&#8220; type=&#8220;grid&#8220; angled_section=&#8220;no&#8220; text_align=&#8220;left&#8220; background_image_as_pattern=&#8220;without_pattern&#8220; z_index=&#8220;5&#8243;][vc_column][vc_separator type=&#8220;transparent&#8220; up=&#8220;80&#8243;][qode_elements_holder number_of_columns=&#8220;two_columns&#8220; custom_class=&#8220;eh-with-image&#8220;][qode_elements_holder_item advanced_animations=&#8220;no&#8220; item_padding=&#8220;0 0 0 0&#8243;][vc_single_image image=&#8220;610&#8243; img_size=&#8220;medium&#8220; qode_css_animation=&#8220;&#8220; qode_hover_animation=&#8220;zoom_in&#8220; css=&#8220;.vc_custom_1706619336510{background-color: #c5bde4 !important;}&#8220;][vc_empty_space height=&#8220;19px&#8220;][\/qode_elements_holder_item][qode_elements_holder_item vertical_alignment=&#8220;middle&#8220; horizontal_alignment=&#8220;left&#8220; advanced_animations=&#8220;no&#8220; background_image=&#8220;91&#8243; item_padding=&#8220;120px 20px 20px 70px&#8220; item_padding_1024_1280=&#8220;103px 74px 100px 70px&#8220; item_padding_768_1024=&#8220;59px 50px 59px 50px&#8220; item_padding_480_600=&#8220;40px 40px 40px 40px&#8220; item_padding_480=&#8220;40px 40px 40px 40px&#8220;][vc_column_text]<\/p>\n<h2>Prof. Dr. Friedemann Eichhorn<\/h2>\n<p>[\/vc_column_text][vc_empty_space height=&#8220;9px&#8220;][vc_column_text]<\/p>\n<div><span lang=\"EN-US\">Violinist, Prof @HfM Weimar, Artistic Director @International Spohr Violin Competition<\/span><\/div>\n<p>[\/vc_column_text][vc_empty_space height=&#8220;19px&#8220;]<a  itemprop=\"url\" href=\"https:\/\/janaleidenfrost.net\/wp-content\/uploads\/2024\/03\/Kurzvita-Eichhorn.pdf\" target=\"_self\"  class=\"qbutton  default\" style=\"\">Vita<\/a>[vc_empty_space height=&#8220;9px&#8220;]<span class='q_social_icon_holder circle_social' data-color=#000000 data-hover-background-color=rgba(255,255,255,0.01) data-hover-border-color=#ff1c1c data-hover-color=#ff1c1c><a itemprop='url' href='https:\/\/www.linkedin.com\/in\/friedemann-eichhorn-163834242\/?originalSubdomain=de' target='_blank'><span class='fa-stack ' style='background-color: rgba(255,255,255,0.01);border-color: #000000;border-width: 2px;font-size: 12px;'><i class=\"qode_icon_font_awesome fa fa-linkedin \" style=\"color: #000000;font-size: 12px;\" ><\/i><\/span><\/a><\/span>[\/qode_elements_holder_item][\/qode_elements_holder][\/vc_column][\/vc_row][vc_row css_animation=&#8220;&#8220; row_type=&#8220;row&#8220; use_row_as_full_screen_section=&#8220;no&#8220; type=&#8220;grid&#8220; angled_section=&#8220;no&#8220; text_align=&#8220;left&#8220; background_image_as_pattern=&#8220;without_pattern&#8220; z_index=&#8220;5&#8243;][vc_column][vc_separator type=&#8220;transparent&#8220; up=&#8220;80&#8243;][qode_elements_holder number_of_columns=&#8220;two_columns&#8220; custom_class=&#8220;eh-with-image&#8220;][qode_elements_holder_item advanced_animations=&#8220;no&#8220; item_padding=&#8220;0 0 0 0&#8243;][vc_single_image image=&#8220;611&#8243; img_size=&#8220;medium&#8220; qode_css_animation=&#8220;&#8220; qode_hover_animation=&#8220;zoom_in&#8220; css=&#8220;.vc_custom_1706619343724{background-color: #c5bde4 !important;}&#8220;][vc_empty_space height=&#8220;19px&#8220;][\/qode_elements_holder_item][qode_elements_holder_item vertical_alignment=&#8220;middle&#8220; horizontal_alignment=&#8220;left&#8220; advanced_animations=&#8220;no&#8220; background_image=&#8220;91&#8243; item_padding=&#8220;120px 20px 20px 70px&#8220; item_padding_1024_1280=&#8220;103px 74px 100px 70px&#8220; item_padding_768_1024=&#8220;59px 50px 59px 50px&#8220; item_padding_480_600=&#8220;40px 40px 40px 40px&#8220; item_padding_480=&#8220;40px 40px 40px 40px&#8220;][vc_column_text]<\/p>\n<h2>Prof. Christian Wilm M\u00fcller<\/h2>\n<p>[\/vc_column_text][vc_empty_space height=&#8220;9px&#8220;][vc_column_text]Professor f\u00fcr Klavier an der HfM Weimar und am Musikgymnasium Schloss Belvedere Weimar[\/vc_column_text][\/qode_elements_holder_item][\/qode_elements_holder][\/vc_column][\/vc_row][vc_row css_animation=&#8220;&#8220; row_type=&#8220;row&#8220; use_row_as_full_screen_section=&#8220;no&#8220; type=&#8220;grid&#8220; angled_section=&#8220;no&#8220; text_align=&#8220;left&#8220; background_image_as_pattern=&#8220;without_pattern&#8220; z_index=&#8220;5&#8243;][vc_column][vc_separator type=&#8220;transparent&#8220; up=&#8220;80&#8243;][qode_elements_holder number_of_columns=&#8220;two_columns&#8220; custom_class=&#8220;eh-with-image&#8220;][qode_elements_holder_item advanced_animations=&#8220;no&#8220; item_padding=&#8220;0 0 0 0&#8243;][vc_single_image image=&#8220;768&#8243; img_size=&#8220;medium&#8220; qode_css_animation=&#8220;&#8220; qode_hover_animation=&#8220;zoom_in&#8220; css=&#8220;.vc_custom_1710891474036{background-color: #c5bde4 !important;}&#8220;][vc_empty_space height=&#8220;19px&#8220;][\/qode_elements_holder_item][qode_elements_holder_item vertical_alignment=&#8220;middle&#8220; horizontal_alignment=&#8220;left&#8220; advanced_animations=&#8220;no&#8220; background_image=&#8220;91&#8243; item_padding=&#8220;120px 20px 20px 70px&#8220; item_padding_1024_1280=&#8220;103px 74px 100px 70px&#8220; item_padding_768_1024=&#8220;59px 50px 59px 50px&#8220; item_padding_480_600=&#8220;40px 40px 40px 40px&#8220; item_padding_480=&#8220;40px 40px 40px 40px&#8220;][vc_column_text]<\/p>\n<h2>Christopher Beuchert<\/h2>\n<p>[\/vc_column_text][vc_empty_space height=&#8220;9px&#8220;][vc_column_text]Solokontrabassist, Orchestermusiker MDR Symphonieorchester Leipzig, MBA[\/vc_column_text][vc_empty_space height=&#8220;19px&#8220;]<a  itemprop=\"url\" href=\"https:\/\/janaleidenfrost.net\/wp-content\/uploads\/2024\/03\/CV-Christopher-Beuchert-deu-eng.pdf\" target=\"_self\"  class=\"qbutton  default\" style=\"\">Vita<\/a>[vc_empty_space height=&#8220;9px&#8220;]<span class='q_social_icon_holder circle_social' data-color=#000000 data-hover-background-color=rgba(255,255,255,0.01) data-hover-border-color=#ff1c1c data-hover-color=#ff1c1c><a itemprop='url' href='https:\/\/www.linkedin.com\/in\/christopher-beuchert\/?originalSubdomain=de' target='_blank'><span class='fa-stack ' style='background-color: rgba(255,255,255,0.01);border-color: #000000;border-width: 2px;font-size: 12px;'><i class=\"qode_icon_font_awesome fa fa-linkedin \" style=\"color: #000000;font-size: 12px;\" ><\/i><\/span><\/a><\/span>[\/qode_elements_holder_item][\/qode_elements_holder][\/vc_column][\/vc_row][vc_row css_animation=&#8220;&#8220; row_type=&#8220;row&#8220; use_row_as_full_screen_section=&#8220;no&#8220; type=&#8220;grid&#8220; angled_section=&#8220;no&#8220; text_align=&#8220;left&#8220; background_image_as_pattern=&#8220;without_pattern&#8220; z_index=&#8220;5&#8243;][vc_column][vc_separator type=&#8220;transparent&#8220; up=&#8220;80&#8243;][qode_elements_holder number_of_columns=&#8220;two_columns&#8220; custom_class=&#8220;eh-with-image&#8220;][qode_elements_holder_item advanced_animations=&#8220;no&#8220; item_padding=&#8220;0 0 0 0&#8243;][vc_single_image image=&#8220;774&#8243; img_size=&#8220;medium&#8220; qode_css_animation=&#8220;&#8220; qode_hover_animation=&#8220;zoom_in&#8220; css=&#8220;.vc_custom_1710891963554{background-color: #c5bde4 !important;}&#8220;][vc_empty_space height=&#8220;19px&#8220;][\/qode_elements_holder_item][qode_elements_holder_item vertical_alignment=&#8220;middle&#8220; horizontal_alignment=&#8220;left&#8220; advanced_animations=&#8220;no&#8220; background_image=&#8220;91&#8243; item_padding=&#8220;120px 20px 20px 70px&#8220; item_padding_1024_1280=&#8220;103px 74px 100px 70px&#8220; item_padding_768_1024=&#8220;59px 50px 59px 50px&#8220; item_padding_480_600=&#8220;40px 40px 40px 40px&#8220; item_padding_480=&#8220;40px 40px 40px 40px&#8220;][vc_column_text]<\/p>\n<h2>Tino Edelmann<\/h2>\n<p>[\/vc_column_text][vc_empty_space height=&#8220;9px&#8220;][vc_column_text]<\/p>\n<div><span lang=\"de\">Ehemaliger Nordischer Kombinierer, Weltmeister, Olympiamedaillengewinner und Weltcupsieger, wissenschaftlicher Mitarbeiter und Doktorand Erziehungswissenschaftliche Fakult\u00e4t <\/span><\/div>\n<p>[\/vc_column_text][vc_empty_space height=&#8220;19px&#8220;]<a  itemprop=\"url\" href=\"https:\/\/janaleidenfrost.net\/wp-content\/uploads\/2024\/03\/Vita-Tino-Edelmann.pdf\" target=\"_self\"  class=\"qbutton  default\" style=\"\">Vita<\/a>[vc_empty_space height=&#8220;9px&#8220;]<span class='q_social_icon_holder circle_social' data-color=#000000 data-hover-background-color=rgba(255,255,255,0.01) data-hover-border-color=#ff1c1c data-hover-color=#ff1c1c><a itemprop='url' href='https:\/\/de.wikipedia.org\/wiki\/Tino_Edelmann' target='_blank'><span class='fa-stack ' style='background-color: rgba(255,255,255,0.01);border-color: #000000;border-width: 2px;font-size: 12px;'><i class=\"qode_icon_font_awesome fa fa-linkedin \" style=\"color: #000000;font-size: 12px;\" ><\/i><\/span><\/a><\/span>[\/qode_elements_holder_item][\/qode_elements_holder][\/vc_column][\/vc_row][vc_row css_animation=&#8220;&#8220; row_type=&#8220;row&#8220; use_row_as_full_screen_section=&#8220;no&#8220; type=&#8220;grid&#8220; angled_section=&#8220;no&#8220; text_align=&#8220;left&#8220; background_image_as_pattern=&#8220;without_pattern&#8220; z_index=&#8220;5&#8243;][vc_column][vc_separator type=&#8220;transparent&#8220; up=&#8220;80&#8243;][qode_elements_holder number_of_columns=&#8220;two_columns&#8220; custom_class=&#8220;eh-with-image&#8220;][qode_elements_holder_item advanced_animations=&#8220;no&#8220; item_padding=&#8220;0 0 0 0&#8243;][vc_single_image image=&#8220;622&#8243; img_size=&#8220;medium&#8220; qode_css_animation=&#8220;&#8220; qode_hover_animation=&#8220;zoom_in&#8220; css=&#8220;.vc_custom_1706619480293{background-color: #c5bde4 !important;}&#8220;][vc_empty_space height=&#8220;19px&#8220;][\/qode_elements_holder_item][qode_elements_holder_item vertical_alignment=&#8220;middle&#8220; horizontal_alignment=&#8220;left&#8220; advanced_animations=&#8220;no&#8220; background_image=&#8220;91&#8243; item_padding=&#8220;120px 20px 20px 70px&#8220; item_padding_1024_1280=&#8220;103px 74px 100px 70px&#8220; item_padding_768_1024=&#8220;59px 50px 59px 50px&#8220; item_padding_480_600=&#8220;40px 40px 40px 40px&#8220; item_padding_480=&#8220;40px 40px 40px 40px&#8220;][vc_column_text]<\/p>\n<h2>Charlotte Tauber<\/h2>\n<p>[\/vc_column_text][vc_empty_space height=&#8220;9px&#8220;][vc_column_text]Kulturmanagerin, Musikwissenschaftlerin und Geigerin[\/vc_column_text][vc_empty_space height=&#8220;19px&#8220;]<span class='q_social_icon_holder circle_social' data-color=#000000 data-hover-background-color=rgba(255,255,255,0.01) data-hover-border-color=#ff1c1c data-hover-color=#ff1c1c><a itemprop='url' href='https:\/\/www.linkedin.com\/in\/charlotte-tauber-72495b245\/?originalSubdomain=de' target='_blank'><span class='fa-stack ' style='background-color: rgba(255,255,255,0.01);border-color: #000000;border-width: 2px;font-size: 12px;'><i class=\"qode_icon_font_awesome fa fa-linkedin \" style=\"color: #000000;font-size: 12px;\" ><\/i><\/span><\/a><\/span>[vc_empty_space height=&#8220;19px&#8220;]<div class=\"qode-accordion-holder clearfix qode-toggle qode-initial \">\n\t<h4 class=\"clearfix qode-title-holder\">\n<span class=\"qode-tab-title\">\n\t    <span class=\"qode-tab-title-inner\">\n        Vita    <\/span>\n<\/span>\n<span class=\"qode-accordion-mark\">\n    <span class=\"qode-accordion-mark-icon\">\n        <span class=\"icon_plus\"><\/span>\n        <span class=\"icon_minus-06\"><\/span>\n    <\/span>\n<\/span>\n<\/h4>\n<div  class=\"qode-accordion-content \" >\n    <div class=\"qode-accordion-content-inner\">\n        [vc_column_text]<\/p>\n<div dir=\"ltr\">&#8211; 2014 Abschluss Bachelor of Music (Violine), HMT Leipzig<\/div>\n<div dir=\"ltr\">&#8211; 2018 Abschluss Master of Arts (Musikwissenschaft), HMT Leipzig<\/div>\n<div dir=\"ltr\">&#8211; 2021 Abschluss Master of Music (Doppelfach Violine &amp; Kulturmanagement), HfM Weimar<\/div>\n<div dir=\"ltr\">&#8211; 2016-2019 Assistentin Dramaturgie, Gewandhaus zu Leipzig<\/div>\n<div dir=\"ltr\">&#8211; 2019-2022 Projektmanagerin Sponsoring\/Fundraising, Gewandhaus zu Leipzig<\/div>\n<div dir=\"ltr\">&#8211; seit 2022 Bildungsreferentin f\u00fcr instrumentales Musizieren (Gesch\u00e4ftsf\u00fchrung Landesjugendorchester und Landesausschuss Jugend musiziert), Landesmusikrat Sachsen-Anhalt<\/div>\n<p>[\/vc_column_text]    <\/div>\n<\/div><\/div>[\/qode_elements_holder_item][\/qode_elements_holder][\/vc_column][\/vc_row][vc_row css_animation=&#8220;&#8220; row_type=&#8220;row&#8220; use_row_as_full_screen_section=&#8220;no&#8220; type=&#8220;grid&#8220; angled_section=&#8220;no&#8220; text_align=&#8220;left&#8220; background_image_as_pattern=&#8220;without_pattern&#8220; z_index=&#8220;5&#8243;][vc_column][vc_separator type=&#8220;transparent&#8220; up=&#8220;80&#8243;][qode_elements_holder number_of_columns=&#8220;two_columns&#8220; custom_class=&#8220;eh-with-image&#8220;][qode_elements_holder_item advanced_animations=&#8220;no&#8220; item_padding=&#8220;0 0 0 0&#8243;][vc_single_image image=&#8220;772&#8243; img_size=&#8220;medium&#8220; qode_css_animation=&#8220;&#8220; qode_hover_animation=&#8220;zoom_in&#8220; css=&#8220;.vc_custom_1710891725646{background-color: #c5bde4 !important;}&#8220;][vc_empty_space height=&#8220;19px&#8220;][\/qode_elements_holder_item][qode_elements_holder_item vertical_alignment=&#8220;middle&#8220; horizontal_alignment=&#8220;left&#8220; advanced_animations=&#8220;no&#8220; background_image=&#8220;91&#8243; item_padding=&#8220;120px 20px 20px 70px&#8220; item_padding_1024_1280=&#8220;103px 74px 100px 70px&#8220; item_padding_768_1024=&#8220;59px 50px 59px 50px&#8220; item_padding_480_600=&#8220;40px 40px 40px 40px&#8220; item_padding_480=&#8220;40px 40px 40px 40px&#8220;][vc_column_text]<\/p>\n<h2>Michael B\u00f6hm<\/h2>\n<p>[\/vc_column_text][vc_empty_space height=&#8220;9px&#8220;][vc_column_text]<\/p>\n<p style=\"font-weight: 400;\">Business Mentor und Speaker, Botschafter f\u00fcr Wein und Genuss, <span style=\"font-weight: 400;\">ehemals Manager Personalentwicklung und Gesundheitsmanagement, Mercedes-Benz AG <\/span><\/p>\n<p>[\/vc_column_text][vc_empty_space height=&#8220;19px&#8220;]<span class='q_social_icon_holder circle_social' data-color=#000000 data-hover-background-color=rgba(255,255,255,0.01) data-hover-border-color=#ff1c1c data-hover-color=#ff1c1c><a itemprop='url' href='https:\/\/www.linkedin.com\/in\/michael-b\u00f6hm-b98729238\/' target='_blank'><span class='fa-stack ' style='background-color: rgba(255,255,255,0.01);border-color: #000000;border-width: 2px;font-size: 12px;'><i class=\"qode_icon_font_awesome fa fa-linkedin \" style=\"color: #000000;font-size: 12px;\" ><\/i><\/span><\/a><\/span>[\/qode_elements_holder_item][\/qode_elements_holder][\/vc_column][\/vc_row][vc_row css_animation=&#8220;&#8220; row_type=&#8220;row&#8220; use_row_as_full_screen_section=&#8220;no&#8220; type=&#8220;grid&#8220; angled_section=&#8220;no&#8220; text_align=&#8220;left&#8220; background_image_as_pattern=&#8220;without_pattern&#8220; z_index=&#8220;5&#8243;][vc_column][vc_separator type=&#8220;transparent&#8220; up=&#8220;80&#8243;][qode_elements_holder number_of_columns=&#8220;two_columns&#8220; custom_class=&#8220;eh-with-image&#8220;][qode_elements_holder_item advanced_animations=&#8220;no&#8220; item_padding=&#8220;0 0 0 0&#8243;][vc_single_image image=&#8220;640&#8243; img_size=&#8220;medium&#8220; qode_css_animation=&#8220;&#8220; qode_hover_animation=&#8220;zoom_in&#8220; css=&#8220;.vc_custom_1706619505033{background-color: #c5bde4 !important;}&#8220;][vc_empty_space height=&#8220;19px&#8220;][\/qode_elements_holder_item][qode_elements_holder_item vertical_alignment=&#8220;middle&#8220; horizontal_alignment=&#8220;left&#8220; advanced_animations=&#8220;no&#8220; background_image=&#8220;91&#8243; item_padding=&#8220;120px 20px 20px 70px&#8220; item_padding_1024_1280=&#8220;103px 74px 100px 70px&#8220; item_padding_768_1024=&#8220;59px 50px 59px 50px&#8220; item_padding_480_600=&#8220;40px 40px 40px 40px&#8220; item_padding_480=&#8220;40px 40px 40px 40px&#8220;][vc_column_text]<\/p>\n<h2>Silke Kraushaar-Pielach<\/h2>\n<p>[\/vc_column_text][vc_empty_space height=&#8220;9px&#8220;][vc_column_text]<\/p>\n<div>Ehemalige Rennrodlerin, Olympiasiegerin und mehrfache Weltmeisterin und Gesamtweltcupsiegerin, Laufbahnberaterin am Olympiast\u00fctzpunkt Th\u00fcringen in Oberhof<\/div>\n<p>[\/vc_column_text][\/qode_elements_holder_item][\/qode_elements_holder][\/vc_column][\/vc_row][vc_row css_animation=&#8220;&#8220; row_type=&#8220;row&#8220; use_row_as_full_screen_section=&#8220;no&#8220; type=&#8220;grid&#8220; angled_section=&#8220;no&#8220; text_align=&#8220;left&#8220; background_image_as_pattern=&#8220;without_pattern&#8220; z_index=&#8220;5&#8243;][vc_column][vc_separator type=&#8220;transparent&#8220; up=&#8220;80&#8243;][qode_elements_holder number_of_columns=&#8220;two_columns&#8220; custom_class=&#8220;eh-with-image&#8220;][qode_elements_holder_item advanced_animations=&#8220;no&#8220; item_padding=&#8220;0 0 0 0&#8243;][vc_single_image image=&#8220;806&#8243; img_size=&#8220;medium&#8220; qode_css_animation=&#8220;&#8220; qode_hover_animation=&#8220;zoom_in&#8220; css=&#8220;.vc_custom_1712062845015{background-color: #c5bde4 !important;}&#8220;][vc_empty_space height=&#8220;19px&#8220;][\/qode_elements_holder_item][qode_elements_holder_item vertical_alignment=&#8220;middle&#8220; horizontal_alignment=&#8220;left&#8220; advanced_animations=&#8220;no&#8220; background_image=&#8220;91&#8243; item_padding=&#8220;120px 20px 20px 70px&#8220; item_padding_1024_1280=&#8220;103px 74px 100px 70px&#8220; item_padding_768_1024=&#8220;59px 50px 59px 50px&#8220; item_padding_480_600=&#8220;40px 40px 40px 40px&#8220; item_padding_480=&#8220;40px 40px 40px 40px&#8220;][vc_column_text]<\/p>\n<h2>Kati Wilhelm<\/h2>\n<p>[\/vc_column_text][vc_empty_space height=&#8220;9px&#8220;][vc_column_text]Ehemalige Biathletin, mehrfache Olympiasiegerin und -medaillengewinnerin, Weltmeisterin und Gesamtweltcupsiegerin, Unternehmerin[\/vc_column_text][vc_empty_space height=&#8220;19px&#8220;]<span class='q_social_icon_holder circle_social' data-color=#000000 data-hover-background-color=rgba(255,255,255,0.01) data-hover-border-color=#ff1c1c data-hover-color=#ff1c1c><a itemprop='url' href='https:\/\/www.linkedin.com\/in\/kati-wilhelm-35365a276\/' target='_blank'><span class='fa-stack ' style='background-color: rgba(255,255,255,0.01);border-color: #000000;border-width: 2px;font-size: 12px;'><i class=\"qode_icon_font_awesome fa fa-linkedin \" style=\"color: #000000;font-size: 12px;\" ><\/i><\/span><\/a><\/span>[\/qode_elements_holder_item][\/qode_elements_holder][\/vc_column][\/vc_row][vc_row css_animation=&#8220;&#8220; row_type=&#8220;row&#8220; use_row_as_full_screen_section=&#8220;no&#8220; type=&#8220;grid&#8220; angled_section=&#8220;no&#8220; text_align=&#8220;left&#8220; background_image_as_pattern=&#8220;without_pattern&#8220; z_index=&#8220;5&#8243;][vc_column][vc_separator type=&#8220;transparent&#8220; up=&#8220;80&#8243;][qode_elements_holder number_of_columns=&#8220;two_columns&#8220; custom_class=&#8220;eh-with-image&#8220;][qode_elements_holder_item advanced_animations=&#8220;no&#8220; item_padding=&#8220;0 0 0 0&#8243;][vc_single_image image=&#8220;769&#8243; img_size=&#8220;medium&#8220; qode_css_animation=&#8220;&#8220; qode_hover_animation=&#8220;zoom_in&#8220; css=&#8220;.vc_custom_1710891559557{background-color: #c5bde4 !important;}&#8220;][vc_empty_space height=&#8220;19px&#8220;][\/qode_elements_holder_item][qode_elements_holder_item vertical_alignment=&#8220;middle&#8220; horizontal_alignment=&#8220;left&#8220; advanced_animations=&#8220;no&#8220; background_image=&#8220;91&#8243; item_padding=&#8220;120px 20px 20px 70px&#8220; item_padding_1024_1280=&#8220;103px 74px 100px 70px&#8220; item_padding_768_1024=&#8220;59px 50px 59px 50px&#8220; item_padding_480_600=&#8220;40px 40px 40px 40px&#8220; item_padding_480=&#8220;40px 40px 40px 40px&#8220;][vc_column_text]<\/p>\n<h2>Hartwig L\u00f6ffler<\/h2>\n<p>[\/vc_column_text][vc_empty_space height=&#8220;9px&#8220;][vc_column_text]<\/p>\n<div><span lang=\"de\">Personalleiter bei Robert Bosch Automotive Steering GmbH, Lehrbeauftragter zu Themen F\u00fchrung, Personal- und Organisationsentwicklung verschiedener Universit\u00e4ten, u.a. @HfM Weimar<\/span><\/div>\n<p>[\/vc_column_text][vc_empty_space height=&#8220;19px&#8220;]<span class='q_social_icon_holder circle_social' data-color=#000000 data-hover-background-color=rgba(255,255,255,0.01) data-hover-border-color=#ff1c1c data-hover-color=#ff1c1c><a itemprop='url' href='https:\/\/www.linkedin.com\/in\/hartwig-loeffler-4662487b\/?originalSubdomain=de' target='_blank'><span class='fa-stack ' style='background-color: rgba(255,255,255,0.01);border-color: #000000;border-width: 2px;font-size: 12px;'><i class=\"qode_icon_font_awesome fa fa-linkedin \" style=\"color: #000000;font-size: 12px;\" ><\/i><\/span><\/a><\/span>[\/qode_elements_holder_item][\/qode_elements_holder][\/vc_column][\/vc_row][vc_row css_animation=&#8220;&#8220; row_type=&#8220;row&#8220; use_row_as_full_screen_section=&#8220;no&#8220; type=&#8220;grid&#8220; angled_section=&#8220;no&#8220; text_align=&#8220;left&#8220; background_image_as_pattern=&#8220;without_pattern&#8220; z_index=&#8220;5&#8243;][vc_column][vc_separator type=&#8220;transparent&#8220; up=&#8220;80&#8243;][qode_elements_holder number_of_columns=&#8220;two_columns&#8220; custom_class=&#8220;eh-with-image&#8220;][qode_elements_holder_item advanced_animations=&#8220;no&#8220; item_padding=&#8220;0 0 0 0&#8243;][vc_single_image image=&#8220;771&#8243; img_size=&#8220;medium&#8220; qode_css_animation=&#8220;&#8220; qode_hover_animation=&#8220;zoom_in&#8220; css=&#8220;.vc_custom_1710891660465{background-color: #c5bde4 !important;}&#8220;][vc_empty_space height=&#8220;19px&#8220;][\/qode_elements_holder_item][qode_elements_holder_item vertical_alignment=&#8220;middle&#8220; horizontal_alignment=&#8220;left&#8220; advanced_animations=&#8220;no&#8220; background_image=&#8220;91&#8243; item_padding=&#8220;120px 20px 20px 70px&#8220; item_padding_1024_1280=&#8220;103px 74px 100px 70px&#8220; item_padding_768_1024=&#8220;59px 50px 59px 50px&#8220; item_padding_480_600=&#8220;40px 40px 40px 40px&#8220; item_padding_480=&#8220;40px 40px 40px 40px&#8220;][vc_column_text]<\/p>\n<h2><span lang=\"de\">Simon <\/span><span lang=\"de\">Reichel<\/span><\/h2>\n<p>[\/vc_column_text][vc_empty_space height=&#8220;9px&#8220;][vc_column_text]CIO Global Markets Mercedes Benz Mobility AG[\/vc_column_text][vc_empty_space height=&#8220;19px&#8220;]<span class='q_social_icon_holder circle_social' data-color=#000000 data-hover-background-color=rgba(255,255,255,0.01) data-hover-border-color=#ff1c1c data-hover-color=#ff1c1c><a itemprop='url' href='https:\/\/www.linkedin.com\/in\/simon-reichel-b123391bb\/' target='_blank'><span class='fa-stack ' style='background-color: rgba(255,255,255,0.01);border-color: #000000;border-width: 2px;font-size: 12px;'><i class=\"qode_icon_font_awesome fa fa-linkedin \" style=\"color: #000000;font-size: 12px;\" ><\/i><\/span><\/a><\/span>[\/qode_elements_holder_item][\/qode_elements_holder][\/vc_column][\/vc_row][vc_row css_animation=&#8220;&#8220; row_type=&#8220;row&#8220; use_row_as_full_screen_section=&#8220;no&#8220; type=&#8220;grid&#8220; angled_section=&#8220;no&#8220; text_align=&#8220;left&#8220; background_image_as_pattern=&#8220;without_pattern&#8220; z_index=&#8220;5&#8243;][vc_column][vc_separator type=&#8220;transparent&#8220; up=&#8220;80&#8243;][qode_elements_holder number_of_columns=&#8220;two_columns&#8220; custom_class=&#8220;eh-with-image&#8220;][qode_elements_holder_item advanced_animations=&#8220;no&#8220; item_padding=&#8220;0 0 0 0&#8243;][vc_single_image image=&#8220;770&#8243; img_size=&#8220;medium&#8220; qode_css_animation=&#8220;&#8220; qode_hover_animation=&#8220;zoom_in&#8220; css=&#8220;.vc_custom_1710891604753{background-color: #c5bde4 !important;}&#8220;][vc_empty_space height=&#8220;19px&#8220;][\/qode_elements_holder_item][qode_elements_holder_item vertical_alignment=&#8220;middle&#8220; horizontal_alignment=&#8220;left&#8220; advanced_animations=&#8220;no&#8220; background_image=&#8220;91&#8243; item_padding=&#8220;120px 20px 20px 70px&#8220; item_padding_1024_1280=&#8220;103px 74px 100px 70px&#8220; item_padding_768_1024=&#8220;59px 50px 59px 50px&#8220; item_padding_480_600=&#8220;40px 40px 40px 40px&#8220; item_padding_480=&#8220;40px 40px 40px 40px&#8220;][vc_column_text]<\/p>\n<h2>Franz Berno Breitruck<\/h2>\n<p>[\/vc_column_text][vc_empty_space height=&#8220;9px&#8220;][vc_column_text]<\/p>\n<p style=\"font-weight: 400;\">Gr\u00fcnder, Inhaber und Gesch\u00e4ftsf\u00fchrer attempto GmbH und Co.KG, Vorstand fair.digital und Vorstand Sport, Aufsichtsrat Brauereigenossenschaft, Lehrbeauftragter<\/p>\n<p>[\/vc_column_text][vc_empty_space height=&#8220;19px&#8220;]<span class='q_social_icon_holder circle_social' data-color=#000000 data-hover-background-color=rgba(255,255,255,0.01) data-hover-border-color=#ff1c1c data-hover-color=#ff1c1c><a itemprop='url' href='https:\/\/www.linkedin.com\/in\/franz-berno-breitruck-1085a980\/?originalSubdomain=de' target='_blank'><span class='fa-stack ' style='background-color: rgba(255,255,255,0.01);border-color: #000000;border-width: 2px;font-size: 12px;'><i class=\"qode_icon_font_awesome fa fa-linkedin \" style=\"color: #000000;font-size: 12px;\" ><\/i><\/span><\/a><\/span>[\/qode_elements_holder_item][\/qode_elements_holder][\/vc_column][\/vc_row][vc_row css_animation=&#8220;&#8220; row_type=&#8220;row&#8220; use_row_as_full_screen_section=&#8220;no&#8220; type=&#8220;grid&#8220; angled_section=&#8220;no&#8220; text_align=&#8220;left&#8220; background_image_as_pattern=&#8220;without_pattern&#8220; z_index=&#8220;5&#8243;][vc_column][vc_separator type=&#8220;transparent&#8220; up=&#8220;80&#8243;][qode_elements_holder number_of_columns=&#8220;two_columns&#8220; custom_class=&#8220;eh-with-image&#8220;][qode_elements_holder_item advanced_animations=&#8220;no&#8220; item_padding=&#8220;0 0 0 0&#8243;][vc_single_image image=&#8220;808&#8243; img_size=&#8220;medium&#8220; qode_css_animation=&#8220;&#8220; qode_hover_animation=&#8220;zoom_in&#8220; css=&#8220;.vc_custom_1712160867724{background-color: #c5bde4 !important;}&#8220;][vc_empty_space height=&#8220;19px&#8220;][\/qode_elements_holder_item][qode_elements_holder_item vertical_alignment=&#8220;middle&#8220; horizontal_alignment=&#8220;left&#8220; advanced_animations=&#8220;no&#8220; background_image=&#8220;91&#8243; item_padding=&#8220;120px 20px 20px 70px&#8220; item_padding_1024_1280=&#8220;103px 74px 100px 70px&#8220; item_padding_768_1024=&#8220;59px 50px 59px 50px&#8220; item_padding_480_600=&#8220;40px 40px 40px 40px&#8220; item_padding_480=&#8220;40px 40px 40px 40px&#8220;][vc_column_text]<\/p>\n<h2>Schneider &amp; Kuhn<\/h2>\n<p>[\/vc_column_text][vc_empty_space height=&#8220;9px&#8220;][vc_column_text]<\/p>\n<p style=\"font-weight: 400;\">Musikerinnen und P\u00e4dagoginnen<\/p>\n<p>[\/vc_column_text][vc_empty_space height=&#8220;19px&#8220;]<a  itemprop=\"url\" href=\"https:\/\/janaleidenfrost.net\/wp-content\/uploads\/2024\/04\/Vita-2024_Josie-Schneider.pdf\" target=\"_self\"  class=\"qbutton  default\" style=\"\">Vita Josie Schneider<\/a><a  itemprop=\"url\" href=\"https:\/\/janaleidenfrost.net\/wp-content\/uploads\/2024\/04\/Biografie-SK-24.pdf\" target=\"_self\"  class=\"qbutton  default\" style=\"\">Vita Svenja Kuhn<\/a>[vc_empty_space height=&#8220;9px&#8220;]<span class='q_social_icon_holder circle_social' data-color=#000000 data-hover-background-color=rgba(255,255,255,0.01) data-hover-border-color=#ff1c1c data-hover-color=#ff1c1c><a itemprop='url' href='https:\/\/open.spotify.com\/show\/4bwyjWgpKlGHKpUKICmvYy?si=ef5ebac9c3144ff8' target='_blank'><span class='fa-stack ' style='background-color: rgba(255,255,255,0.01);border-color: #000000;border-width: 2px;font-size: 12px;'><span aria-hidden=\"true\" class=\"qode_icon_font_elegant social_spotify \" style=\"color: #000000;font-size: 12px;\" ><\/span><\/span><\/a><\/span><span class='q_social_icon_holder circle_social' data-color=#000000 data-hover-background-color=rgba(255,255,255,0.01) data-hover-border-color=#ff1c1c data-hover-color=#ff1c1c><a itemprop='url' href='https:\/\/www.instagram.com\/schneiderkuhn.accpno\/' target='_blank'><span class='fa-stack ' style='background-color: rgba(255,255,255,0.01);border-color: #000000;border-width: 2px;font-size: 12px;'><i class=\"qode_icon_font_awesome fa fa-instagram \" style=\"color: #000000;font-size: 12px;\" ><\/i><\/span><\/a><\/span>[\/qode_elements_holder_item][\/qode_elements_holder][\/vc_column][\/vc_row][vc_row css_animation=&#8220;&#8220; row_type=&#8220;row&#8220; use_row_as_full_screen_section=&#8220;no&#8220; type=&#8220;full_width&#8220; angled_section=&#8220;no&#8220; text_align=&#8220;left&#8220; background_image_as_pattern=&#8220;without_pattern&#8220; z_index=&#8220;&#8220; anchor=&#8220;Anmeldung&#8220;][vc_column][\/vc_column][\/vc_row][vc_row css_animation=&#8220;&#8220; row_type=&#8220;row&#8220; use_row_as_full_screen_section=&#8220;no&#8220; type=&#8220;grid&#8220; angled_section=&#8220;no&#8220; text_align=&#8220;left&#8220; background_image_as_pattern=&#8220;without_pattern&#8220; padding_top=&#8220;167&#8243; z_index=&#8220;6&#8243;][vc_column][qode_elements_holder number_of_columns=&#8220;one_column&#8220;][qode_elements_holder_item advanced_animations=&#8220;no&#8220; item_padding=&#8220;0px 39% 0 82px&#8220; item_padding_1024_1280=&#8220;0px 28% 0 82px&#8220; item_padding_768_1024=&#8220;0px 17% 0 82px&#8220; item_padding_600_768=&#8220;0px 24% 0 82px&#8220; item_padding_480_600=&#8220;0px 16% 0 20px&#8220; item_padding_480=&#8220;0px 16% 0 20px&#8220;][vc_row_inner row_type=&#8220;row&#8220; type=&#8220;full_width&#8220; text_align=&#8220;left&#8220; css_animation=&#8220;&#8220;][vc_column_inner css=&#8220;.vc_custom_1511942708344{border-top-width: 10px !important;border-top-color: #000000 !important;border-top-style: solid !important;}&#8220;][vc_separator type=&#8220;transparent&#8220; up=&#8220;-24&#8243;][vc_column_text]<\/p>\n<h1>Anmeldung<\/h1>\n<p>[\/vc_column_text][\/vc_column_inner][\/vc_row_inner][\/qode_elements_holder_item][\/qode_elements_holder][\/vc_column][\/vc_row][vc_row css_animation=&#8220;&#8220; row_type=&#8220;row&#8220; use_row_as_full_screen_section=&#8220;no&#8220; type=&#8220;grid&#8220; angled_section=&#8220;no&#8220; text_align=&#8220;left&#8220; background_image_as_pattern=&#8220;without_pattern&#8220; z_index=&#8220;5&#8243;][vc_column][vc_separator type=&#8220;transparent&#8220; up=&#8220;20&#8243;][vc_row_inner row_type=&#8220;row&#8220; type=&#8220;full_width&#8220; text_align=&#8220;left&#8220; css_animation=&#8220;&#8220;][vc_column_inner][vc_column_text]\n<div class=\"wpcf7 no-js\" id=\"wpcf7-f735-o1\" lang=\"de-DE\" dir=\"ltr\" data-wpcf7-id=\"735\">\n<div class=\"screen-reader-response\"><p role=\"status\" aria-live=\"polite\" aria-atomic=\"true\"><\/p> <ul><\/ul><\/div>\n<form action=\"\/index.php?rest_route=%2Fwp%2Fv2%2Fpages%2F316#wpcf7-f735-o1\" method=\"post\" class=\"wpcf7-form init\" aria-label=\"Kontaktformular\" novalidate=\"novalidate\" data-status=\"init\">\n<fieldset class=\"hidden-fields-container\"><input type=\"hidden\" name=\"_wpcf7\" value=\"735\" \/><input type=\"hidden\" name=\"_wpcf7_version\" value=\"6.1.1\" \/><input type=\"hidden\" name=\"_wpcf7_locale\" value=\"de_DE\" \/><input type=\"hidden\" name=\"_wpcf7_unit_tag\" value=\"wpcf7-f735-o1\" \/><input type=\"hidden\" name=\"_wpcf7_container_post\" value=\"0\" \/><input type=\"hidden\" name=\"_wpcf7_posted_data_hash\" value=\"\" \/>\n<\/fieldset>\n<label> Name\n    <span class=\"wpcf7-form-control-wrap\" data-name=\"your-name\"><input size=\"40\" maxlength=\"400\" class=\"wpcf7-form-control wpcf7-text wpcf7-validates-as-required\" autocomplete=\"name\" aria-required=\"true\" aria-invalid=\"false\" value=\"\" type=\"text\" name=\"your-name\" \/><\/span> <\/label>\n\n<label> Funktion\n<span class=\"wpcf7-form-control-wrap\" data-name=\"Funktion\"><input size=\"40\" maxlength=\"400\" class=\"wpcf7-form-control wpcf7-text wpcf7-validates-as-required\" aria-required=\"true\" aria-invalid=\"false\" value=\"\" type=\"text\" name=\"Funktion\" \/><\/span><\/label>\n\n<label> E-Mail-Adresse\n    <span class=\"wpcf7-form-control-wrap\" data-name=\"your-email\"><input size=\"40\" maxlength=\"400\" class=\"wpcf7-form-control wpcf7-email wpcf7-validates-as-required wpcf7-text wpcf7-validates-as-email\" autocomplete=\"email\" aria-required=\"true\" aria-invalid=\"false\" value=\"\" type=\"email\" name=\"your-email\" \/><\/span> <\/label>\n\n<label> Nachricht (optional)\n    <span class=\"wpcf7-form-control-wrap\" data-name=\"your-message\"><textarea cols=\"40\" rows=\"10\" maxlength=\"2000\" class=\"wpcf7-form-control wpcf7-textarea\" aria-invalid=\"false\" name=\"your-message\"><\/textarea><\/span> <\/label>\n\n<input class=\"wpcf7-form-control wpcf7-submit has-spinner\" type=\"submit\" value=\"Senden\" \/><div class=\"wpcf7-response-output\" aria-hidden=\"true\"><\/div>\n<\/form>\n<\/div>\n[\/vc_column_text][\/vc_column_inner][\/vc_row_inner][\/vc_column][\/vc_row][vc_row css_animation=&#8220;&#8220; row_type=&#8220;row&#8220; use_row_as_full_screen_section=&#8220;no&#8220; type=&#8220;full_width&#8220; angled_section=&#8220;no&#8220; text_align=&#8220;left&#8220; background_image_as_pattern=&#8220;without_pattern&#8220; z_index=&#8220;&#8220; anchor=&#8220;sponsoren&#8220;][vc_column][\/vc_column][\/vc_row][vc_row css_animation=&#8220;&#8220; row_type=&#8220;row&#8220; use_row_as_full_screen_section=&#8220;no&#8220; type=&#8220;grid&#8220; angled_section=&#8220;no&#8220; text_align=&#8220;left&#8220; background_image_as_pattern=&#8220;without_pattern&#8220; padding_top=&#8220;167&#8243; z_index=&#8220;6&#8243;][vc_column][qode_elements_holder number_of_columns=&#8220;one_column&#8220;][qode_elements_holder_item advanced_animations=&#8220;no&#8220; item_padding=&#8220;0px 39% 0 82px&#8220; item_padding_1024_1280=&#8220;0px 28% 0 82px&#8220; item_padding_768_1024=&#8220;0px 17% 0 82px&#8220; item_padding_600_768=&#8220;0px 24% 0 82px&#8220; item_padding_480_600=&#8220;0px 16% 0 20px&#8220; item_padding_480=&#8220;0px 16% 0 20px&#8220;][vc_row_inner row_type=&#8220;row&#8220; type=&#8220;full_width&#8220; text_align=&#8220;left&#8220; css_animation=&#8220;&#8220;][vc_column_inner css=&#8220;.vc_custom_1511942708344{border-top-width: 10px !important;border-top-color: #000000 !important;border-top-style: solid !important;}&#8220;][vc_separator type=&#8220;transparent&#8220; up=&#8220;-24&#8243;][vc_column_text]<\/p>\n<h1>Organisatoren +<br \/>\nSponsoren<\/h1>\n<p>[\/vc_column_text][\/vc_column_inner][\/vc_row_inner][\/qode_elements_holder_item][\/qode_elements_holder][\/vc_column][\/vc_row][vc_row css_animation=&#8220;&#8220; row_type=&#8220;row&#8220; use_row_as_full_screen_section=&#8220;no&#8220; type=&#8220;grid&#8220; angled_section=&#8220;no&#8220; text_align=&#8220;left&#8220; background_image_as_pattern=&#8220;without_pattern&#8220; z_index=&#8220;5&#8243;][vc_column][vc_separator type=&#8220;transparent&#8220; up=&#8220;-49&#8243;][qode_elements_holder number_of_columns=&#8220;two_columns&#8220; custom_class=&#8220;eh-with-image&#8220;][qode_elements_holder_item advanced_animations=&#8220;no&#8220; item_padding=&#8220;0 0 0 0&#8243;][vc_single_image image=&#8220;369&#8243; img_size=&#8220;full&#8220; qode_css_animation=&#8220;&#8220; qode_hover_animation=&#8220;zoom_in&#8220;][\/qode_elements_holder_item][qode_elements_holder_item vertical_alignment=&#8220;middle&#8220; horizontal_alignment=&#8220;left&#8220; advanced_animations=&#8220;no&#8220; background_image=&#8220;91&#8243; item_padding=&#8220;125px 149px 156px 67px&#8220; item_padding_1024_1280=&#8220;103px 70px 100px 67px&#8220; item_padding_768_1024=&#8220;59px 50px 59px 50px&#8220; item_padding_480_600=&#8220;40px 40px 40px 40px&#8220; item_padding_480=&#8220;40px 40px 40px 40px&#8220;][vc_single_image image=&#8220;540&#8243; img_size=&#8220;medium&#8220; qode_css_animation=&#8220;&#8220; qode_hover_animation=&#8220;zoom_in&#8220;][vc_empty_space height=&#8220;30px&#8220;]<span data-type=\"normal\"  class=\"qode_icon_shortcode  q_font_awsome_icon fa-2x  \" style=\" \"><a  itemprop=\"url\" href=\"https:\/\/www.hfm-weimar.de\/studienfach-kulturmanagement\/institut-fuer-musikwissenschaft-weimar-jena-studienfach-kulturmanagement\" target=\"_blank\"><i class=\"qode_icon_font_awesome fa fa-arrow-right qode_icon_element\" style=\"color: #000000;\" ><\/i><\/a><\/span>[vc_empty_space height=&#8220;30px&#8220;][vc_empty_space height=&#8220;30px&#8220;][vc_column_text]<\/p>\n<h4>Organisiert vom Institut f\u00fcr Musikwissenschaft und Kulturmanagement der Musikhochschule Franz Liszt Weimar, der Stiftung Th\u00fcringer Sporthilfe und JL Jana Leidenfrost, psychological mentoring GmbH.<\/h4>\n<p>[\/vc_column_text][vc_empty_space height=&#8220;30px&#8220;][vc_empty_space height=&#8220;30px&#8220;][vc_empty_space height=&#8220;30px&#8220;][vc_single_image image=&#8220;587&#8243; img_size=&#8220;medium&#8220; qode_css_animation=&#8220;&#8220; qode_hover_animation=&#8220;zoom_in&#8220;][vc_empty_space height=&#8220;30px&#8220;]<span data-type=\"normal\"  class=\"qode_icon_shortcode  q_font_awsome_icon fa-2x  \" style=\" \"><a  itemprop=\"url\" href=\"https:\/\/thueringersporthilfe.de\" target=\"_blank\"><i class=\"qode_icon_font_awesome fa fa-arrow-right qode_icon_element\" style=\"color: #000000;\" ><\/i><\/a><\/span>[\/qode_elements_holder_item][\/qode_elements_holder][\/vc_column][\/vc_row]<\/p>\n<\/div>","protected":false},"excerpt":{"rendered":"<p>[vc_row css_animation=&#8220;element_from_top&#8220; row_type=&#8220;row&#8220; use_row_as_full_screen_section=&#8220;no&#8220; type=&#8220;grid&#8220; angled_section=&#8220;no&#8220; text_align=&#8220;center&#8220; background_image_as_pattern=&#8220;without_pattern&#8220; padding_top=&#8220;232&#8243; z_index=&#8220;&#8220;][vc_column width=&#8220;1\/2&#8243;][vc_single_image image=&#8220;436&#8243; img_size=&#8220;full&#8220; qode_css_animation=&#8220;&#8220;][\/vc_column][vc_column width=&#8220;1\/2&#8243;][vc_column_text] Res\u00fcmee &nbsp; [\/vc_column_text][vc_column_text] Konferenz 04\/24 [\/vc_column_text][vc_column_text] Weimar [\/vc_column_text][\/vc_column][\/vc_row][vc_row css_animation=&#8220;element_from_top&#8220; row_type=&#8220;row&#8220; use_row_as_full_screen_section=&#8220;no&#8220; type=&#8220;grid&#8220; angled_section=&#8220;no&#8220; text_align=&#8220;center&#8220; background_image_as_pattern=&#8220;without_pattern&#8220; z_index=&#8220;&#8220; padding_bottom=&#8220;160&#8243; padding_top=&#8220;50&#8243;][vc_column][vc_column_text] Spitzen-Sport-Musik. Karrierewege und -\u00fcberg\u00e4nge [\/vc_column_text][\/vc_column][\/vc_row][vc_row css_animation=&#8220;&#8220; row_type=&#8220;row&#8220; use_row_as_full_screen_section=&#8220;no&#8220; type=&#8220;grid&#8220; angled_section=&#8220;no&#8220; text_align=&#8220;left&#8220; background_image_as_pattern=&#8220;without_pattern&#8220;&#8230;<\/p>\n","protected":false},"author":1,"featured_media":0,"parent":0,"menu_order":0,"comment_status":"closed","ping_status":"closed","template":"full_width.php","meta":{"content-type":"","footnotes":""},"class_list":["post-316","page","type-page","status-publish","hentry"],"aioseo_notices":[],"_links":{"self":[{"href":"https:\/\/janaleidenfrost.net\/index.php?rest_route=\/wp\/v2\/pages\/316","targetHints":{"allow":["GET"]}}],"collection":[{"href":"https:\/\/janaleidenfrost.net\/index.php?rest_route=\/wp\/v2\/pages"}],"about":[{"href":"https:\/\/janaleidenfrost.net\/index.php?rest_route=\/wp\/v2\/types\/page"}],"author":[{"embeddable":true,"href":"https:\/\/janaleidenfrost.net\/index.php?rest_route=\/wp\/v2\/users\/1"}],"replies":[{"embeddable":true,"href":"https:\/\/janaleidenfrost.net\/index.php?rest_route=%2Fwp%2Fv2%2Fcomments&post=316"}],"version-history":[{"count":406,"href":"https:\/\/janaleidenfrost.net\/index.php?rest_route=\/wp\/v2\/pages\/316\/revisions"}],"predecessor-version":[{"id":932,"href":"https:\/\/janaleidenfrost.net\/index.php?rest_route=\/wp\/v2\/pages\/316\/revisions\/932"}],"wp:attachment":[{"href":"https:\/\/janaleidenfrost.net\/index.php?rest_route=%2Fwp%2Fv2%2Fmedia&parent=316"}],"curies":[{"name":"wp","href":"https:\/\/api.w.org\/{rel}","templated":true}]}}